{"id":10262,"date":"2025-08-06T18:55:42","date_gmt":"2025-08-06T16:55:42","guid":{"rendered":"https:\/\/www.gabinetmodernista.com\/producto\/dibuix-pla-tecnic-el-capricho\/"},"modified":"2025-08-06T18:55:42","modified_gmt":"2025-08-06T16:55:42","slug":"dibuix-pla-tecnic-el-capricho","status":"publish","type":"product","link":"https:\/\/www.gabinetmodernista.com\/ca\/producto\/dibuix-pla-tecnic-el-capricho\/","title":{"rendered":"DIBUIX\/PLA T\u00c8CNIC EL CAPRICHO"},"content":{"rendered":"<p>Aquest dibuix d&#8217;El Capricho, una c\u00f2pia en format p\u00f2ster de l&#8217;original de Hiroya Tanaka, ofereix una perspectiva diferent i complement\u00e0ria de l&#8217;obra. El pla t\u00e8cnic i art\u00edstic es concentra a un costat de l&#8217;edifici, permetent una apreciaci\u00f3 detallada de la interacci\u00f3 entre la fa\u00e7ana principal i la torre cil\u00edndrica.<br \/>\nEl dibuix presenta la fa\u00e7ana en una vista de perfil, destacant la marcada horitzontalitat de ledifici, que es veu interrompuda per la verticalitat de la torre cil\u00edndrica. El revestiment de ma\u00f3, que alterna amb bandes de cer\u00e0mica vidrada, crea un patr\u00f3 visual r\u00edtmic. Al dibuix, es pot apreciar l&#8217;\u00fas de les rajoles cer\u00e0miques de gira-sol, un element decoratiu que es repeteix a les franges de la fa\u00e7ana, afegint-hi un toc de color i vitalitat. La torre, que s&#8217;enlaira com un minaret oriental, \u00e9s el punt focal de la composici\u00f3. A la part superior, es pot apreciar lestructura de gelosia que serveix de mirador. El dibuix ressalta la rematada de la torre amb les formes sinuoses, que s&#8217;integren de manera org\u00e0nica amb la resta de l&#8217;edifici.<br \/>\nAquest dibuix no \u00e9s nom\u00e9s un pla arquitect\u00f2nic; \u00e9s una obra dart en si mateixa. \u00c9s una manifestaci\u00f3 de la visi\u00f3 de Gaud\u00ed, una representaci\u00f3 de com s&#8217;uneixen la natura, la llum i la fantasia per crear una obra mestra del Modernisme. Al tra\u00e7 de Hiroya Tanaka, El Capricho revela la seva \u00e0nima: un edifici que transcendeix la seva funci\u00f3 per convertir-se en un relat visual, un monument a la creativitat ia la imaginaci\u00f3 que ha perdurat al llarg del temps.        <\/p>\n","protected":false},"excerpt":{"rendered":"<p><strong>Hiroya Tanaka<\/strong><\/p>\n<p><strong>Material<\/strong><\/p>\n<p>\u2022 Paper aquarel-la<\/p>\n<p><strong>Dimensions<\/strong><\/p>\n<p>\u2022 Llarg: 63,8 cm<br \/>\n\u2022 Ample: 42,7 cm<\/p>\n<p><strong>Disponibilitat<\/strong><\/p>\n<p>\u2022 Lliurament estimat, aproximadament 1 setmana des de la confirmaci\u00f3 de la comanda<br \/>\n\u2022 Edici\u00f3 limitada<br \/>\n\u2022 Inclou certificat d&#8217;autenticitat<\/p>\n<p><strong>Enviament<\/strong><\/p>\n<p>\u2022 Env\u00edos nacionales e internacionales<br \/>\n\u2022 Embalaje seguro y protegido<\/p>\n<p>&nbsp;<\/p>\n<p>&nbsp;<\/p>\n","protected":false},"featured_media":8197,"template":"","meta":{"_joinchat":[]},"product_brand":[],"product_cat":[344,311],"product_tag":[],"class_list":{"0":"post-10262","1":"product","2":"type-product","3":"status-publish","4":"has-post-thumbnail","6":"product_cat-dibuixos","7":"product_cat-hiroya-tanaka-ca","9":"first","10":"instock","11":"taxable","12":"shipping-taxable","13":"purchasable","14":"product-type-variable"},"_links":{"self":[{"href":"https:\/\/www.gabinetmodernista.com\/ca\/wp-json\/wp\/v2\/product\/10262","targetHints":{"allow":["GET"]}}],"collection":[{"href":"https:\/\/www.gabinetmodernista.com\/ca\/wp-json\/wp\/v2\/product"}],"about":[{"href":"https:\/\/www.gabinetmodernista.com\/ca\/wp-json\/wp\/v2\/types\/product"}],"wp:featuredmedia":[{"embeddable":true,"href":"https:\/\/www.gabinetmodernista.com\/ca\/wp-json\/wp\/v2\/media\/8197"}],"wp:attachment":[{"href":"https:\/\/www.gabinetmodernista.com\/ca\/wp-json\/wp\/v2\/media?parent=10262"}],"wp:term":[{"taxonomy":"product_brand","embeddable":true,"href":"https:\/\/www.gabinetmodernista.com\/ca\/wp-json\/wp\/v2\/product_brand?post=10262"},{"taxonomy":"product_cat","embeddable":true,"href":"https:\/\/www.gabinetmodernista.com\/ca\/wp-json\/wp\/v2\/product_cat?post=10262"},{"taxonomy":"product_tag","embeddable":true,"href":"https:\/\/www.gabinetmodernista.com\/ca\/wp-json\/wp\/v2\/product_tag?post=10262"}],"curies":[{"name":"wp","href":"https:\/\/api.w.org\/{rel}","templated":true}]}}