{"id":8919,"date":"2025-12-24T10:50:59","date_gmt":"2025-12-24T08:50:59","guid":{"rendered":"https:\/\/www.gabinetmodernista.com\/politica-de-devolucions-i-reembossaments\/"},"modified":"2026-01-04T13:33:07","modified_gmt":"2026-01-04T11:33:07","slug":"politica-de-devolucions-i-reembossaments","status":"publish","type":"page","link":"https:\/\/www.gabinetmodernista.com\/ca\/politica-de-devolucions-i-reembossaments\/","title":{"rendered":"Pol\u00edtica de Devolucions i Reembossaments"},"content":{"rendered":"<div class=\"wpb-content-wrapper\"><p>[vc_section][vc_row][vc_column]<div class=\"wpb_content_element \"><style type=\"text\/css\">#ut_header_69f354ff2cbfc h2.section-title, #ut_header_69f354ff2cbfc h2.section-title span { color:#e0904a; }#ut_header_69f354ff2cbfc h2.section-title{ font-family: \"Leckerli One\";font-weight:400;font-style:normal; }#ut_header_69f354ff2cbfc h2.section-title { font-size:45px !important;line-height:55px !important; }#ut_header_69f354ff2cbfc.pt-style-2 .page-title span:after, #ut_header_69f354ff2cbfc.pt-style-2 .parallax-title span:after, #ut_header_69f354ff2cbfc.pt-style-2 .section-title span:after { background-color:#e0904a !important;}<\/style><header id=\"ut_header_69f354ff2cbfc\" class=\"section-header  ut-no-title-linebreak-mobile ut-no-lead-linebreak-mobile pt-style-2 header-left header-tablet-left header-mobile-left element-with-custom-line-height\"><div class=\"element-with-custom-line-height\" ><h2 data-title=\"Pol\u00edtica de Devolucions i Reembossaments\"  data-responsive-font=\"section_title\" data-responsive-font-settings=\"{&quot;base-font-size&quot;:&quot;global&quot;,&quot;font-size&quot;:{&quot;desktop_large&quot;:&quot;45&quot;},&quot;base-line-height&quot;:&quot;global&quot;,&quot;line-height&quot;:{&quot;desktop_large&quot;:&quot;55&quot;},&quot;base-letter-spacing&quot;:&quot;global&quot;}\" class=\"section-title  \"><span>Pol\u00edtica de Devolucions i Reembossaments<\/span><\/h2><\/div><\/header><\/div><div class=\"wpb_content_element \"><style type=\"text\/css\">#ut_header_69f354ff30eb6 h5.section-title, #ut_header_69f354ff30eb6 h5.section-title span { color:#464646; }#ut_header_69f354ff30eb6 h5.section-title{ font-family: \"Leckerli One\";font-weight:400;font-style:normal; }#ut_header_69f354ff30eb6 h5.section-title { font-size:25px !important;line-height:55px !important; }#ut_header_69f354ff30eb6.pt-style-2 .page-title span:after, #ut_header_69f354ff30eb6.pt-style-2 .parallax-title span:after, #ut_header_69f354ff30eb6.pt-style-2 .section-title span:after { background-color:#464646 !important;}<\/style><header id=\"ut_header_69f354ff30eb6\" class=\"section-header  ut-no-title-linebreak-mobile ut-no-lead-linebreak-mobile pt-style-2 header-left header-tablet-left header-mobile-left element-with-custom-line-height\"><div class=\"element-with-custom-line-height\" ><h5 data-title=\"1. Identificaci\u00f3 del responsable\"  data-responsive-font=\"section_title\" data-responsive-font-settings=\"{&quot;base-font-size&quot;:&quot;25&quot;,&quot;font-size-unit&quot;:&quot;px&quot;,&quot;font-size&quot;:{&quot;desktop_large&quot;:&quot;25&quot;},&quot;base-line-height&quot;:&quot;global&quot;,&quot;line-height&quot;:{&quot;desktop_large&quot;:&quot;55&quot;},&quot;base-letter-spacing&quot;:&quot;global&quot;}\" class=\"section-title  \"><span>1. Identificaci\u00f3 del responsable<\/span><\/h5><\/div><\/header><\/div>[vc_column_text css=&#8221;&#8221;]De conformidad con lo establecido en la normativa vigente, se informa a los usuarios de los siguientes datos del titular del sitio web:<\/p>\n<ul>\n<li>Titular: ISAAC CASTILLA BANTOLRA<\/li>\n<li>NIF: 39360229F<\/li>\n<li>Direcci\u00f3n: Cam\u00ed de Santa Rosa, s\/n, 08693 Casserres, Barcelona (Espa\u00f1a)<\/li>\n<li>Correo electr\u00f3nico: <a href=\"mailto:info@gabinetmodernista.com\" target=\"_blank\" rel=\"noopener\">info@gabinetmodernista.com<\/a><\/li>\n<li>Tel\u00e9fono: <a href=\"tel:+34646242132\" target=\"_blank\" rel=\"noopener\">646 24 21 32<\/a><\/li>\n<\/ul>\n<p>[\/vc_column_text][\/vc_column][\/vc_row][vc_row][vc_column]<div class=\"wpb_content_element \"><style type=\"text\/css\">#ut_header_69f354ff316fd h5.section-title, #ut_header_69f354ff316fd h5.section-title span { color:#464646; }#ut_header_69f354ff316fd h5.section-title{ font-family: \"Leckerli One\";font-weight:400;font-style:normal; }#ut_header_69f354ff316fd h5.section-title { font-size:25px !important;line-height:55px !important; }#ut_header_69f354ff316fd.pt-style-2 .page-title span:after, #ut_header_69f354ff316fd.pt-style-2 .parallax-title span:after, #ut_header_69f354ff316fd.pt-style-2 .section-title span:after { background-color:#464646 !important;}<\/style><header id=\"ut_header_69f354ff316fd\" class=\"section-header  ut-no-title-linebreak-mobile ut-no-lead-linebreak-mobile pt-style-2 header-left header-tablet-left header-mobile-left element-with-custom-line-height\"><div class=\"element-with-custom-line-height\" ><h5 data-title=\"2. Dret de desistiment\"  data-responsive-font=\"section_title\" data-responsive-font-settings=\"{&quot;base-font-size&quot;:&quot;25&quot;,&quot;font-size-unit&quot;:&quot;px&quot;,&quot;font-size&quot;:{&quot;desktop_large&quot;:&quot;25&quot;},&quot;base-line-height&quot;:&quot;global&quot;,&quot;line-height&quot;:{&quot;desktop_large&quot;:&quot;55&quot;},&quot;base-letter-spacing&quot;:&quot;global&quot;}\" class=\"section-title  \"><span>2. Dret de desistiment<\/span><\/h5><\/div><\/header><\/div>[vc_column_text css=&#8221;&#8221;]De acuerdo con la normativa de defensa de los consumidores y usuarios, el cliente dispone de un plazo de 14 d\u00edas naturales para ejercer su derecho de desistimiento, sin necesidad de justificaci\u00f3n.<\/p>\n<p>El plazo de desistimiento comenzar\u00e1 a contar desde el d\u00eda en que el cliente o un tercero autorizado por \u00e9l reciba el pedido.<\/p>\n<p>Para ejercer el derecho de desistimiento, el cliente deber\u00e1 comunicar su decisi\u00f3n de forma clara e inequ\u00edvoca a trav\u00e9s del correo electr\u00f3nico <a href=\"mailto:info@gabinetmodernista.com\">info@gabinetmodernista.com<\/a>, indicando el n\u00famero de pedido y los datos necesarios para su identificaci\u00f3n.[\/vc_column_text][\/vc_column][\/vc_row][vc_row][vc_column]<div class=\"wpb_content_element \"><style type=\"text\/css\">#ut_header_69f354ff31f76 h5.section-title, #ut_header_69f354ff31f76 h5.section-title span { color:#464646; }#ut_header_69f354ff31f76 h5.section-title{ font-family: \"Leckerli One\";font-weight:400;font-style:normal; }#ut_header_69f354ff31f76 h5.section-title { font-size:25px !important;line-height:55px !important; }#ut_header_69f354ff31f76.pt-style-2 .page-title span:after, #ut_header_69f354ff31f76.pt-style-2 .parallax-title span:after, #ut_header_69f354ff31f76.pt-style-2 .section-title span:after { background-color:#464646 !important;}<\/style><header id=\"ut_header_69f354ff31f76\" class=\"section-header  ut-no-title-linebreak-mobile ut-no-lead-linebreak-mobile pt-style-2 header-left header-tablet-left header-mobile-left element-with-custom-line-height\"><div class=\"element-with-custom-line-height\" ><h5 data-title=\"3. Condicions per a la devoluci\u00f3\"  data-responsive-font=\"section_title\" data-responsive-font-settings=\"{&quot;base-font-size&quot;:&quot;25&quot;,&quot;font-size-unit&quot;:&quot;px&quot;,&quot;font-size&quot;:{&quot;desktop_large&quot;:&quot;25&quot;},&quot;base-line-height&quot;:&quot;global&quot;,&quot;line-height&quot;:{&quot;desktop_large&quot;:&quot;55&quot;},&quot;base-letter-spacing&quot;:&quot;global&quot;}\" class=\"section-title  \"><span>3. Condicions per a la devoluci\u00f3<\/span><\/h5><\/div><\/header><\/div>[vc_column_text css=&#8221;&#8221;]Para que una devoluci\u00f3n sea aceptada, deber\u00e1n cumplirse las siguientes condiciones:<\/p>\n<ul>\n<li>El producto debe estar en perfecto estado, sin usar, sin da\u00f1os y en condiciones aptas para su venta.<\/li>\n<li>Debe devolverse con su embalaje original, accesorios, instrucciones y cualquier otro elemento incluido en el env\u00edo.<\/li>\n<li>No se aceptar\u00e1n devoluciones de productos usados, manipulados o da\u00f1ados por un uso indebido.<\/li>\n<li>La empresa se reserva el derecho de rechazar devoluciones que no cumplan estas condiciones.<\/li>\n<\/ul>\n<p>[\/vc_column_text][\/vc_column][\/vc_row][vc_row][vc_column]<div class=\"wpb_content_element \"><style type=\"text\/css\">#ut_header_69f354ff329ec h5.section-title, #ut_header_69f354ff329ec h5.section-title span { color:#464646; }#ut_header_69f354ff329ec h5.section-title{ font-family: \"Leckerli One\";font-weight:400;font-style:normal; }#ut_header_69f354ff329ec h5.section-title { font-size:25px !important;line-height:55px !important; }#ut_header_69f354ff329ec.pt-style-2 .page-title span:after, #ut_header_69f354ff329ec.pt-style-2 .parallax-title span:after, #ut_header_69f354ff329ec.pt-style-2 .section-title span:after { background-color:#464646 !important;}<\/style><header id=\"ut_header_69f354ff329ec\" class=\"section-header  ut-no-title-linebreak-mobile ut-no-lead-linebreak-mobile pt-style-2 header-left header-tablet-left header-mobile-left element-with-custom-line-height\"><div class=\"element-with-custom-line-height\" ><h5 data-title=\"4. Productes no elegibles per a devoluci\u00f3\"  data-responsive-font=\"section_title\" data-responsive-font-settings=\"{&quot;base-font-size&quot;:&quot;25&quot;,&quot;font-size-unit&quot;:&quot;px&quot;,&quot;font-size&quot;:{&quot;desktop_large&quot;:&quot;25&quot;},&quot;base-line-height&quot;:&quot;global&quot;,&quot;line-height&quot;:{&quot;desktop_large&quot;:&quot;55&quot;},&quot;base-letter-spacing&quot;:&quot;global&quot;}\" class=\"section-title  \"><span>4. Productes no elegibles per a devoluci\u00f3<\/span><\/h5><\/div><\/header><\/div>[vc_column_text css=&#8221;&#8221;]No se aceptar\u00e1n devoluciones de productos que hayan sido utilizados, presenten signos evidentes de uso o deterioro, o no se encuentren en las condiciones descritas en el apartado anterior.[\/vc_column_text][\/vc_column][\/vc_row][vc_row][vc_column]<div class=\"wpb_content_element \"><style type=\"text\/css\">#ut_header_69f354ff334c6 h5.section-title, #ut_header_69f354ff334c6 h5.section-title span { color:#464646; }#ut_header_69f354ff334c6 h5.section-title{ font-family: \"Leckerli One\";font-weight:400;font-style:normal; }#ut_header_69f354ff334c6 h5.section-title { font-size:25px !important;line-height:55px !important; }#ut_header_69f354ff334c6.pt-style-2 .page-title span:after, #ut_header_69f354ff334c6.pt-style-2 .parallax-title span:after, #ut_header_69f354ff334c6.pt-style-2 .section-title span:after { background-color:#464646 !important;}<\/style><header id=\"ut_header_69f354ff334c6\" class=\"section-header  ut-no-title-linebreak-mobile ut-no-lead-linebreak-mobile pt-style-2 header-left header-tablet-left header-mobile-left element-with-custom-line-height\"><div class=\"element-with-custom-line-height\" ><h5 data-title=\"5. Despeses de devoluci\u00f3\"  data-responsive-font=\"section_title\" data-responsive-font-settings=\"{&quot;base-font-size&quot;:&quot;25&quot;,&quot;font-size-unit&quot;:&quot;px&quot;,&quot;font-size&quot;:{&quot;desktop_large&quot;:&quot;25&quot;},&quot;base-line-height&quot;:&quot;global&quot;,&quot;line-height&quot;:{&quot;desktop_large&quot;:&quot;55&quot;},&quot;base-letter-spacing&quot;:&quot;global&quot;}\" class=\"section-title  \"><span>5. Despeses de devoluci\u00f3<\/span><\/h5><\/div><\/header><\/div>[vc_column_text css=&#8221;&#8221;]<\/p>\n<ul>\n<li>En caso de desistimiento voluntario, los gastos de env\u00edo de la devoluci\u00f3n correr\u00e1n a cargo del cliente.<\/li>\n<li>En caso de producto defectuoso, da\u00f1ado durante el transporte o error en el env\u00edo, los gastos de devoluci\u00f3n ser\u00e1n asumidos \u00edntegramente por la empresa.<\/li>\n<li>En estos \u00faltimos casos, el cliente deber\u00e1 notificar la incidencia lo antes posible para poder gestionarla correctamente.<\/li>\n<\/ul>\n<p>[\/vc_column_text][\/vc_column][\/vc_row][vc_row][vc_column]<div class=\"wpb_content_element \"><style type=\"text\/css\">#ut_header_69f354ff34069 h5.section-title, #ut_header_69f354ff34069 h5.section-title span { color:#464646; }#ut_header_69f354ff34069 h5.section-title{ font-family: \"Leckerli One\";font-weight:400;font-style:normal; }#ut_header_69f354ff34069 h5.section-title { font-size:25px !important;line-height:55px !important; }#ut_header_69f354ff34069.pt-style-2 .page-title span:after, #ut_header_69f354ff34069.pt-style-2 .parallax-title span:after, #ut_header_69f354ff34069.pt-style-2 .section-title span:after { background-color:#464646 !important;}<\/style><header id=\"ut_header_69f354ff34069\" class=\"section-header  ut-no-title-linebreak-mobile ut-no-lead-linebreak-mobile pt-style-2 header-left header-tablet-left header-mobile-left element-with-custom-line-height\"><div class=\"element-with-custom-line-height\" ><h5 data-title=\"6. Procediment de devoluci\u00f3\"  data-responsive-font=\"section_title\" data-responsive-font-settings=\"{&quot;base-font-size&quot;:&quot;25&quot;,&quot;font-size-unit&quot;:&quot;px&quot;,&quot;font-size&quot;:{&quot;desktop_large&quot;:&quot;25&quot;},&quot;base-line-height&quot;:&quot;global&quot;,&quot;line-height&quot;:{&quot;desktop_large&quot;:&quot;55&quot;},&quot;base-letter-spacing&quot;:&quot;global&quot;}\" class=\"section-title  \"><span>6. Procediment de devoluci\u00f3<\/span><\/h5><\/div><\/header><\/div>[vc_column_text css=&#8221;&#8221;]Una vez comunicada la intenci\u00f3n de devoluci\u00f3n y aprobada por la empresa, el cliente deber\u00e1 enviar el producto a la direcci\u00f3n que se le indique por correo electr\u00f3nico.<\/p>\n<p>Se recomienda utilizar un sistema de env\u00edo que permita el seguimiento del paquete, ya que la empresa no se hace responsable de devoluciones extraviadas.[\/vc_column_text][\/vc_column][\/vc_row][vc_row][vc_column]<div class=\"wpb_content_element \"><style type=\"text\/css\">#ut_header_69f354ff34c50 h5.section-title, #ut_header_69f354ff34c50 h5.section-title span { color:#464646; }#ut_header_69f354ff34c50 h5.section-title{ font-family: \"Leckerli One\";font-weight:400;font-style:normal; }#ut_header_69f354ff34c50 h5.section-title { font-size:25px !important;line-height:55px !important; }#ut_header_69f354ff34c50.pt-style-2 .page-title span:after, #ut_header_69f354ff34c50.pt-style-2 .parallax-title span:after, #ut_header_69f354ff34c50.pt-style-2 .section-title span:after { background-color:#464646 !important;}<\/style><header id=\"ut_header_69f354ff34c50\" class=\"section-header  ut-no-title-linebreak-mobile ut-no-lead-linebreak-mobile pt-style-2 header-left header-tablet-left header-mobile-left element-with-custom-line-height\"><div class=\"element-with-custom-line-height\" ><h5 data-title=\"7. Reemborsament\"  data-responsive-font=\"section_title\" data-responsive-font-settings=\"{&quot;base-font-size&quot;:&quot;25&quot;,&quot;font-size-unit&quot;:&quot;px&quot;,&quot;font-size&quot;:{&quot;desktop_large&quot;:&quot;25&quot;},&quot;base-line-height&quot;:&quot;global&quot;,&quot;line-height&quot;:{&quot;desktop_large&quot;:&quot;55&quot;},&quot;base-letter-spacing&quot;:&quot;global&quot;}\" class=\"section-title  \"><span>7. Reemborsament<\/span><\/h5><\/div><\/header><\/div>[vc_column_text css=&#8221;&#8221;]Una vez recibido el producto y comprobado que cumple las condiciones establecidas:<\/p>\n<ul>\n<li>Se proceder\u00e1 al reembolso del importe del producto, incluidos los gastos de env\u00edo iniciales correspondientes al env\u00edo est\u00e1ndar.<\/li>\n<li>El reembolso se realizar\u00e1 utilizando el mismo m\u00e9todo de pago empleado en la compra, salvo que se acuerde expresamente lo contrario.<\/li>\n<li>El plazo m\u00e1ximo para efectuar el reembolso ser\u00e1 de 14 d\u00edas naturales desde la recepci\u00f3n del producto devuelto.<\/li>\n<\/ul>\n<p>[\/vc_column_text][\/vc_column][\/vc_row][vc_row][vc_column]<div class=\"wpb_content_element \"><style type=\"text\/css\">#ut_header_69f354ff35859 h5.section-title, #ut_header_69f354ff35859 h5.section-title span { color:#464646; }#ut_header_69f354ff35859 h5.section-title{ font-family: \"Leckerli One\";font-weight:400;font-style:normal; }#ut_header_69f354ff35859 h5.section-title { font-size:25px !important;line-height:55px !important; }#ut_header_69f354ff35859.pt-style-2 .page-title span:after, #ut_header_69f354ff35859.pt-style-2 .parallax-title span:after, #ut_header_69f354ff35859.pt-style-2 .section-title span:after { background-color:#464646 !important;}<\/style><header id=\"ut_header_69f354ff35859\" class=\"section-header  ut-no-title-linebreak-mobile ut-no-lead-linebreak-mobile pt-style-2 header-left header-tablet-left header-mobile-left element-with-custom-line-height\"><div class=\"element-with-custom-line-height\" ><h5 data-title=\"8. Canvis de producte\"  data-responsive-font=\"section_title\" data-responsive-font-settings=\"{&quot;base-font-size&quot;:&quot;25&quot;,&quot;font-size-unit&quot;:&quot;px&quot;,&quot;font-size&quot;:{&quot;desktop_large&quot;:&quot;25&quot;},&quot;base-line-height&quot;:&quot;global&quot;,&quot;line-height&quot;:{&quot;desktop_large&quot;:&quot;55&quot;},&quot;base-letter-spacing&quot;:&quot;global&quot;}\" class=\"section-title  \"><span>8. Canvis de producte<\/span><\/h5><\/div><\/header><\/div>[vc_column_text css=&#8221;&#8221;]Si el pedido llega da\u00f1ado, defectuoso o no corresponde con lo solicitado, el cliente deber\u00e1 comunicarlo en un plazo m\u00e1ximo de 48 horas desde la recepci\u00f3n del pedido, a trav\u00e9s del correo electr\u00f3nico <a href=\"mailto:info@gabinetmodernista.com\">info@gabinetmodernista.com<\/a>, adjuntando fotograf\u00edas si fuera necesario.<\/p>\n<p>Una vez verificada la incidencia, se proceder\u00e1 a la sustituci\u00f3n del producto o al reembolso correspondiente, sin coste adicional para el cliente.[\/vc_column_text][\/vc_column][\/vc_row][vc_row][vc_column]<div class=\"wpb_content_element \"><style type=\"text\/css\">#ut_header_69f354ff36479 h5.section-title, #ut_header_69f354ff36479 h5.section-title span { color:#464646; }#ut_header_69f354ff36479 h5.section-title{ font-family: \"Leckerli One\";font-weight:400;font-style:normal; }#ut_header_69f354ff36479 h5.section-title { font-size:25px !important;line-height:55px !important; }#ut_header_69f354ff36479.pt-style-2 .page-title span:after, #ut_header_69f354ff36479.pt-style-2 .parallax-title span:after, #ut_header_69f354ff36479.pt-style-2 .section-title span:after { background-color:#464646 !important;}<\/style><header id=\"ut_header_69f354ff36479\" class=\"section-header  ut-no-title-linebreak-mobile ut-no-lead-linebreak-mobile pt-style-2 header-left header-tablet-left header-mobile-left element-with-custom-line-height\"><div class=\"element-with-custom-line-height\" ><h5 data-title=\"10. Legislaci\u00f3 aplicable\"  data-responsive-font=\"section_title\" data-responsive-font-settings=\"{&quot;base-font-size&quot;:&quot;25&quot;,&quot;font-size-unit&quot;:&quot;px&quot;,&quot;font-size&quot;:{&quot;desktop_large&quot;:&quot;25&quot;},&quot;base-line-height&quot;:&quot;global&quot;,&quot;line-height&quot;:{&quot;desktop_large&quot;:&quot;55&quot;},&quot;base-letter-spacing&quot;:&quot;global&quot;}\" class=\"section-title  \"><span>10. Legislaci\u00f3 aplicable<\/span><\/h5><\/div><\/header><\/div>[vc_column_text css=&#8221;&#8221;]La presente pol\u00edtica se rige por la legislaci\u00f3n espa\u00f1ola y europea vigente en materia de protecci\u00f3n de consumidores y usuarios.[\/vc_column_text][\/vc_column][\/vc_row][\/vc_section]<\/p>\n<\/div>","protected":false},"excerpt":{"rendered":"<p>[vc_section][vc_row][vc_column][vc_column_text css=&#8221;&#8221;]De conformidad con lo establecido en la normativa vigente, se informa a los usuarios de los siguientes datos del titular del sitio web: Titular: ISAAC CASTILLA BANTOLRA NIF: 39360229F Direcci\u00f3n: Cam\u00ed de Santa Rosa, s\/n, 08693 Casserres, Barcelona (Espa\u00f1a) Correo electr\u00f3nico: info@gabinetmodernista.com Tel\u00e9fono: 646 24 21 32 [\/vc_column_text][\/vc_column][\/vc_row][vc_row][vc_column][vc_column_text css=&#8221;&#8221;]De acuerdo con la normativa de [&hellip;]<\/p>\n","protected":false},"author":1,"featured_media":0,"parent":0,"menu_order":0,"comment_status":"closed","ping_status":"closed","template":"","meta":{"_joinchat":[],"footnotes":""},"class_list":["post-8919","page","type-page","status-publish","hentry"],"_links":{"self":[{"href":"https:\/\/www.gabinetmodernista.com\/ca\/wp-json\/wp\/v2\/pages\/8919","targetHints":{"allow":["GET"]}}],"collection":[{"href":"https:\/\/www.gabinetmodernista.com\/ca\/wp-json\/wp\/v2\/pages"}],"about":[{"href":"https:\/\/www.gabinetmodernista.com\/ca\/wp-json\/wp\/v2\/types\/page"}],"author":[{"embeddable":true,"href":"https:\/\/www.gabinetmodernista.com\/ca\/wp-json\/wp\/v2\/users\/1"}],"replies":[{"embeddable":true,"href":"https:\/\/www.gabinetmodernista.com\/ca\/wp-json\/wp\/v2\/comments?post=8919"}],"version-history":[{"count":6,"href":"https:\/\/www.gabinetmodernista.com\/ca\/wp-json\/wp\/v2\/pages\/8919\/revisions"}],"predecessor-version":[{"id":9759,"href":"https:\/\/www.gabinetmodernista.com\/ca\/wp-json\/wp\/v2\/pages\/8919\/revisions\/9759"}],"wp:attachment":[{"href":"https:\/\/www.gabinetmodernista.com\/ca\/wp-json\/wp\/v2\/media?parent=8919"}],"curies":[{"name":"wp","href":"https:\/\/api.w.org\/{rel}","templated":true}]}}