{"id":7935,"date":"2023-11-07T16:55:29","date_gmt":"2023-11-07T14:55:29","guid":{"rendered":"https:\/\/www.gabinetmodernista.com\/trabajo-de-la-madera\/"},"modified":"2026-02-22T05:14:28","modified_gmt":"2026-02-22T03:14:28","slug":"treball-de-la-fusta","status":"publish","type":"page","link":"https:\/\/www.gabinetmodernista.com\/ca\/treball-de-la-fusta\/","title":{"rendered":"Ebenisteria"},"content":{"rendered":"<div class=\"wpb-content-wrapper\"><p>[vc_section][vc_row][vc_column]<div class=\"wpb_content_element \"><style type=\"text\/css\">#ut_header_69f50d54dfc54 h2.section-title, #ut_header_69f50d54dfc54 h2.section-title span { color:rgb(0, 0, 0); }#ut_header_69f50d54dfc54 h2.section-title{ font-family: \"IM Fell DW Pica SC\";font-weight:400;font-style:normal; }#ut_header_69f50d54dfc54 h2.section-title { font-size:75px !important;line-height:55px !important; }#ut_header_69f50d54dfc54 .section-title ins { color:#e0904a; }#ut_header_69f50d54dfc54 .section-title ins { background:#e0904a; }#ut_header_69f50d54dfc54.pt-style-2 .page-title span:after, #ut_header_69f50d54dfc54.pt-style-2 .parallax-title span:after, #ut_header_69f50d54dfc54.pt-style-2 .section-title span:after { background-color:rgb(0, 0, 0) !important;}<\/style><header id=\"ut_header_69f50d54dfc54\" class=\"section-header  ut-no-title-linebreak-mobile ut-no-lead-linebreak-mobile pt-style-2 header-center header-tablet-center header-mobile-center element-with-custom-line-height\"><div class=\"element-with-custom-line-height\" ><h2 data-title=\"Arts Decoratives\" data-effect=\"fadeIn\" data-animateonce=\"yes\" data-delay=\"0\" data-animation-duration=\"2s\" data-responsive-font=\"section_title\" data-responsive-font-settings=\"{&quot;base-font-size&quot;:&quot;75&quot;,&quot;font-size-unit&quot;:&quot;px&quot;,&quot;font-size&quot;:{&quot;desktop_large&quot;:&quot;75&quot;},&quot;base-line-height&quot;:&quot;global&quot;,&quot;line-height&quot;:{&quot;desktop_large&quot;:&quot;55&quot;},&quot;base-letter-spacing&quot;:&quot;global&quot;}\" class=\"section-title ut-animate-element animated ut-no-animation-tablet ut-no-animation-mobile \"><span>Arts Decoratives<\/span><\/h2><\/div><\/header><\/div>[\/vc_column][\/vc_row][vc_row css=&#8221;.vc_custom_1729011464020{margin-right: 150px !important;margin-left: 150px !important;}&#8221;][vc_column]<div class=\"wpb_content_element \"><style type=\"text\/css\">#ut_header_69f50d54e3ef8 h2.section-title, #ut_header_69f50d54e3ef8 h2.section-title span { color:rgb(0, 0, 0); }#ut_header_69f50d54e3ef8 h2.section-title{ font-family: \"Leckerli One\";font-weight:400;font-style:normal; }#ut_header_69f50d54e3ef8 h2.section-title { font-size:45px !important;line-height:55px !important; }#ut_header_69f50d54e3ef8 .section-title ins { color:#e0904a; }#ut_header_69f50d54e3ef8 .lead ins { font-weight:bold; }<\/style><header id=\"ut_header_69f50d54e3ef8\" class=\"section-header  ut-no-title-linebreak-mobile ut-no-lead-linebreak-mobile pt-style-7 header-center header-tablet-center header-mobile-center element-with-custom-line-height\"><div class=\"element-with-custom-line-height\" ><h2 data-title=\" Ebenisteria \" data-effect=\"fadeIn\" data-animateonce=\"yes\" data-delay=\"0\" data-animation-duration=\"2s\" data-responsive-font=\"section_title\" data-responsive-font-settings=\"{&quot;base-font-size&quot;:&quot;global&quot;,&quot;font-size&quot;:{&quot;desktop_large&quot;:&quot;45&quot;},&quot;base-line-height&quot;:&quot;global&quot;,&quot;line-height&quot;:{&quot;desktop_large&quot;:&quot;55&quot;},&quot;base-letter-spacing&quot;:&quot;global&quot;}\" class=\"section-title ut-animate-element animated ut-no-animation-tablet ut-no-animation-mobile \"><span><ins> Ebenisteria <\/ins><\/span><\/h2><\/div><\/header><\/div>[vc_column_text css_animation=&#8221;fadeIn&#8221; css=&#8221;&#8221;]<\/p>\n<h3 style=\"text-align: center;\"><b>Mobiliari d&#8217; Autor: L&#8217; Her\u00e8ncia Artesanal de Gaud\u00ed<\/b><\/h3>\n<p style=\"text-align: center;\">El geni d&#8217;Antoni Gaud\u00ed no nom\u00e9s va brillar als seus grans edificis modernistes, sin\u00f3 tamb\u00e9 en el m\u00e9s m\u00ednim detall. El seu talent es va estendre al mobiliari modernista, creant peces \u00faniques que formaven part integral de la seva arquitectura. Des dels dissenys per a la Casa Calvet fins al menjador de la Casa Batll\u00f3, cada moble modernista era una extensi\u00f3 de la visi\u00f3 art\u00edstica.<\/p>\n<p style=\"text-align: center;\">Aquestes obres mestres del mobiliari van ser originalment creades a Barcelona pels mestres artesans del taller Casas &amp; Bard\u00e9s, sempre sota l&#8217;atenta supervisi\u00f3 de Gaud\u00ed.<\/p>\n<p style=\"text-align: center;\">A Gabinet Modernista mantenim viu aquest llegat. Els nostres mobles modernistes s\u00f3n r\u00e8pliques exactes dels dissenys originals de Gaud\u00ed, elaborades amb la mateixa cura de la forma, els materials i el mestratge artesanal de l&#8217;\u00e8poca.<\/p>\n<p style=\"text-align: center;\">Cada pe\u00e7a que fem no \u00e9s nom\u00e9s una r\u00e8plica, sin\u00f3 la continuaci\u00f3 d&#8217;una hist\u00f2ria que va comen\u00e7ar als tallers de Barcelona modernista fa m\u00e9s d&#8217;un segle i que continua inspirant amants de l&#8217;art i el disseny a tot el m\u00f3n.<\/p>\n<p style=\"text-align: center;\" data-start=\"1053\" data-end=\"1302\">Cada pieza que realizamos no es solo una r\u00e9plica, sino la continuaci\u00f3n de una historia que comenz\u00f3 en los talleres de Barcelona modernista hace m\u00e1s de un siglo y que sigue inspirando a amantes del arte y el dise\u00f1o en todo el mundo.<\/p>\n<p style=\"text-align: center;\"><strong><span style=\"color: #e0904a;\">Material: Roure<\/span><\/strong><\/p>\n<p>[\/vc_column_text][\/vc_column][\/vc_row][vc_row full_width=&#8221;stretch_row_content&#8221;][vc_column width=&#8221;1\/3&#8243;]<div data-effect=\"fadeIn\" data-animateonce=\"yes\" data-delay=\"0\" data-animation-duration=\"2s\" class=\"wpb_content_element ut-animate-image animated  clearfix\"><style type=\"text\/css\">#ut_am_69f50d54e4e97 { opacity: 1; }#ut_am_wrap_69f50d54e4e98 .ut-image-gallery-item-caption-title h3 { letter-spacing: 0em; }#ut_am_wrap_69f50d54e4e98 .ut-gallery-slider-caption { font-weight: bold; }#ut_am_69f50d54e4e97 .ut-box-shadow-container-inner { color: #e0904a; }.ut-box-shadow-1 {-webkit-box-shadow: 0 10px 6px -6px #e0904a; -moz-box-shadow: 0 10px 6px -6px #e0904a;box-shadow: 0 10px 6px -6px #e0904a;}#ut_am_wrap_69f50d54e4e98 .ut-box-shadow-container-inner { background: #e0904a; }#ut_am_wrap_69f50d54e4e98 { text-align: left; }@media (min-width: 768px) and (max-width: 1024px) { #ut_am_wrap_69f50d54e4e98 { text-align: left !important; } }@media (max-width: 767px) { #ut_am_wrap_69f50d54e4e98 { text-align: center !important; } }<\/style><div id=\"ut_am_wrap_69f50d54e4e98\" class=\"ut-image-gallery-image \"><div id=\"ut_reveal_69f50d54e4e99\"  data-appear-top-offset=\"auto\" class=\"ut-animated-image-item ut-image-gallery-item ut-animation-done \"><a class=\"ut-deactivated-link\" href=\"#\"><div class=\"ut-box-shadow-container ut-box-shadow-1\"><div class=\"ut-box-shadow-container-inner\"><\/div><\/div><div class=\"ut-animated-image-zoom\"><img loading=\"lazy\" decoding=\"async\" class=\"ut-lazy skip-lazy ut-animated-image \"  id=\"ut_am_69f50d54e4e97\" src=\"data:image\/svg+xml;charset=utf-8,%3Csvg xmlns%3D'http%3A%2F%2Fwww.w3.org%2F2000%2Fsvg' viewBox%3D'0 0 800 600'%2F%3E\" data-src=\"https:\/\/www.gabinetmodernista.com\/wp-content\/uploads\/2023\/12\/Furniture-4-gabinetmodernista.jpg\" width=\"800\" height=\"600\" alt=\"Furniture-(4)-gabinetmodernista\"\/><\/div><\/a><\/div><\/div><\/div>[\/vc_column][vc_column width=&#8221;1\/3&#8243;]<div data-effect=\"fadeIn\" data-animateonce=\"yes\" data-delay=\"0\" data-animation-duration=\"2s\" class=\"wpb_content_element ut-animate-image animated  clearfix\"><style type=\"text\/css\">#ut_am_69f50d54e544e { opacity: 1; }#ut_am_wrap_69f50d54e544f .ut-image-gallery-item-caption-title h3 { letter-spacing: 0em; }#ut_am_wrap_69f50d54e544f .ut-gallery-slider-caption { font-weight: bold; }#ut_am_69f50d54e544e .ut-box-shadow-container-inner { color: #e0904a; }.ut-box-shadow-1 {-webkit-box-shadow: 0 10px 6px -6px #e0904a; -moz-box-shadow: 0 10px 6px -6px #e0904a;box-shadow: 0 10px 6px -6px #e0904a;}#ut_am_wrap_69f50d54e544f .ut-box-shadow-container-inner { background: #e0904a; }#ut_am_wrap_69f50d54e544f { text-align: left; }@media (min-width: 768px) and (max-width: 1024px) { #ut_am_wrap_69f50d54e544f { text-align: left !important; } }@media (max-width: 767px) { #ut_am_wrap_69f50d54e544f { text-align: center !important; } }<\/style><div id=\"ut_am_wrap_69f50d54e544f\" class=\"ut-image-gallery-image \"><div id=\"ut_reveal_69f50d54e5450\"  data-appear-top-offset=\"auto\" class=\"ut-animated-image-item ut-image-gallery-item ut-animation-done \"><a class=\"ut-deactivated-link\" href=\"#\"><div class=\"ut-box-shadow-container ut-box-shadow-1\"><div class=\"ut-box-shadow-container-inner\"><\/div><\/div><div class=\"ut-animated-image-zoom\"><img loading=\"lazy\" decoding=\"async\" class=\"ut-lazy skip-lazy ut-animated-image \"  id=\"ut_am_69f50d54e544e\" src=\"data:image\/svg+xml;charset=utf-8,%3Csvg xmlns%3D'http%3A%2F%2Fwww.w3.org%2F2000%2Fsvg' viewBox%3D'0 0 800 600'%2F%3E\" data-src=\"https:\/\/www.gabinetmodernista.com\/wp-content\/uploads\/2025\/08\/IMG_20181008_111151-800x600.jpg\" width=\"800\" height=\"600\" alt=\"\"\/><\/div><\/a><\/div><\/div><\/div>[\/vc_column][vc_column width=&#8221;1\/3&#8243;]<div data-effect=\"fadeIn\" data-animateonce=\"yes\" data-delay=\"0\" data-animation-duration=\"2s\" class=\"wpb_content_element ut-animate-image animated  clearfix\"><style type=\"text\/css\">#ut_am_69f50d54e59df { opacity: 1; }#ut_am_wrap_69f50d54e59e0 .ut-image-gallery-item-caption-title h3 { letter-spacing: 0em; }#ut_am_wrap_69f50d54e59e0 .ut-gallery-slider-caption { font-weight: bold; }#ut_am_69f50d54e59df .ut-box-shadow-container-inner { color: #e0904a; }.ut-box-shadow-1 {-webkit-box-shadow: 0 10px 6px -6px #e0904a; -moz-box-shadow: 0 10px 6px -6px #e0904a;box-shadow: 0 10px 6px -6px #e0904a;}#ut_am_wrap_69f50d54e59e0 .ut-box-shadow-container-inner { background: #e0904a; }#ut_am_wrap_69f50d54e59e0 { text-align: left; }@media (min-width: 768px) and (max-width: 1024px) { #ut_am_wrap_69f50d54e59e0 { text-align: left !important; } }@media (max-width: 767px) { #ut_am_wrap_69f50d54e59e0 { text-align: center !important; } }<\/style><div id=\"ut_am_wrap_69f50d54e59e0\" class=\"ut-image-gallery-image \"><div id=\"ut_reveal_69f50d54e59e1\"  data-appear-top-offset=\"auto\" class=\"ut-animated-image-item ut-image-gallery-item ut-animation-done \"><a class=\"ut-deactivated-link\" href=\"#\"><div class=\"ut-box-shadow-container ut-box-shadow-1\"><div class=\"ut-box-shadow-container-inner\"><\/div><\/div><div class=\"ut-animated-image-zoom\"><img loading=\"lazy\" decoding=\"async\" class=\"ut-lazy skip-lazy ut-animated-image \"  id=\"ut_am_69f50d54e59df\" src=\"data:image\/svg+xml;charset=utf-8,%3Csvg xmlns%3D'http%3A%2F%2Fwww.w3.org%2F2000%2Fsvg' viewBox%3D'0 0 800 600'%2F%3E\" data-src=\"https:\/\/www.gabinetmodernista.com\/wp-content\/uploads\/2023\/12\/Workshop-3-gabinetmodernista.jpg\" width=\"800\" height=\"600\" alt=\"Workshop-(3)-gabinetmodernista\"\/><\/div><\/a><\/div><\/div><\/div>[\/vc_column][\/vc_row][vc_row full_width=&#8221;stretch_row_content&#8221; el_id=&#8221;sec-trabajo-madera&#8221;][vc_column]<div class=\"wpb_content_element  vc_custom_1771730056693\"><style type=\"text\/css\">#ut_header_69f50d54e5c74 h2.section-title, #ut_header_69f50d54e5c74 h2.section-title span { color:rgb(0, 0, 0); }#ut_header_69f50d54e5c74 h2.section-title{ font-family: \"Leckerli One\";font-weight:400;font-style:normal; }#ut_header_69f50d54e5c74 h2.section-title { font-size:45px !important;line-height:55px !important; }#ut_header_69f50d54e5c74 .lead { color:#000000; }#ut_header_69f50d54e5c74 .lead p { color:#000000; }#ut_header_69f50d54e5c74 .section-title ins { color:#e0904a; }#ut_header_69f50d54e5c74 .lead ins { font-weight:bold; }<\/style><header id=\"ut_header_69f50d54e5c74\" class=\"section-header  ut-no-title-linebreak-mobile ut-no-lead-linebreak-mobile pt-style-7 header-center header-tablet-center header-mobile-center element-with-custom-line-height\"><div class=\"element-with-custom-line-height\" ><h2 data-title=\" Fusteria d' Autor. Un tresor de la hist\u00f2ria que porta el segell de la mestria artesana \" data-effect=\"fadeIn\" data-animateonce=\"yes\" data-delay=\"0\" data-animation-duration=\"2s\" data-responsive-font=\"section_title\" data-responsive-font-settings=\"{&quot;base-font-size&quot;:&quot;global&quot;,&quot;font-size&quot;:{&quot;desktop_large&quot;:&quot;45&quot;},&quot;base-line-height&quot;:&quot;global&quot;,&quot;line-height&quot;:{&quot;desktop_large&quot;:&quot;55&quot;},&quot;base-letter-spacing&quot;:&quot;global&quot;}\" class=\"section-title ut-animate-element animated ut-no-animation-tablet ut-no-animation-mobile \"><span><ins> Fusteria d' Autor. Un tresor de la hist\u00f2ria que porta el segell de la mestria artesana <\/ins><\/span><\/h2><\/div><div data-effect=\"fadeIn\" data-animateonce=\"yes\" data-delay=\"0\" data-animation-duration=\"2s\" class=\"lead ut-animate-element animated ut-no-animation-tablet ut-no-animation-mobile\"><p>Cada una de les nostres r\u00e8pliques de mobles \u00e9s la combinaci\u00f3 perfecta d&#8217;hist\u00f2ria i artesania que resisteix el pas del temps. Tria la pe\u00e7a que t&#8217;inspira i porta a casa una obra d&#8217;art que omplir\u00e0 el teu espai d&#8217;hist\u00f2ria i car\u00e0cter, homenatjant la feina meticulosa dels mestres ebanistes del modernisme <\/p>\n<\/div><\/header><\/div>[vc_separator color=&#8221;custom&#8221; border_width=&#8221;2&#8243; el_width=&#8221;20&#8243; css_animation=&#8221;fadeIn&#8221; css=&#8221;&#8221; accent_color=&#8221;#e0904a&#8221;][\/vc_column][\/vc_row][vc_row full_width=&#8221;stretch_row_content&#8221; section_separator_bottom_height=&#8221;15&#8243; css=&#8221;.vc_custom_1734709773066{padding-right: 20px !important;padding-left: 20px !important;}&#8221;][vc_column]<div class=\"woocommerce columns-2 \"><ul class=\"products columns-2\">\n<li class=\"product type-product post-9729 status-publish first instock product_cat-antoni-gaudi-ca product_cat-banc product_cat-casa-calvet-ca product_cat-ebanisteria has-post-thumbnail taxable shipping-taxable purchasable product-type-simple\">\n\t<a href=\"https:\/\/www.gabinetmodernista.com\/ca\/producto\/banc-calvet\/\" class=\"woocommerce-LoopProduct-link woocommerce-loop-product__link\"><img loading=\"lazy\" decoding=\"async\" width=\"800\" height=\"800\" src=\"https:\/\/www.gabinetmodernista.com\/wp-content\/uploads\/2024\/09\/articulo-BC_01-gabinetmodernista-800x800.jpg\" class=\"attachment-woocommerce_thumbnail size-woocommerce_thumbnail\" alt=\"BANC CALVET\" srcset=\"https:\/\/www.gabinetmodernista.com\/wp-content\/uploads\/2024\/09\/articulo-BC_01-gabinetmodernista-800x800.jpg 800w, https:\/\/www.gabinetmodernista.com\/wp-content\/uploads\/2024\/09\/articulo-BC_01-gabinetmodernista-100x100.jpg 100w, https:\/\/www.gabinetmodernista.com\/wp-content\/uploads\/2024\/09\/articulo-BC_01-gabinetmodernista-1024x1024.jpg 1024w, https:\/\/www.gabinetmodernista.com\/wp-content\/uploads\/2024\/09\/articulo-BC_01-gabinetmodernista-768x768.jpg 768w, https:\/\/www.gabinetmodernista.com\/wp-content\/uploads\/2024\/09\/articulo-BC_01-gabinetmodernista-720x720.jpg 720w, https:\/\/www.gabinetmodernista.com\/wp-content\/uploads\/2024\/09\/articulo-BC_01-gabinetmodernista-200x200.jpg 200w, https:\/\/www.gabinetmodernista.com\/wp-content\/uploads\/2024\/09\/articulo-BC_01-gabinetmodernista.jpg 1200w\" sizes=\"auto, (max-width: 800px) 100vw, 800px\" \/><h2 class=\"woocommerce-loop-product__title\">BANC CALVET<\/h2>\n\t<span class=\"price\"><span class=\"woocommerce-Price-amount amount\"><bdi>21.356,00&nbsp;<span class=\"woocommerce-Price-currencySymbol\">&euro;<\/span><\/bdi><\/span><\/span>\n<\/a><a href=\"\/ca\/wp-json\/wp\/v2\/pages\/7935?add-to-cart=9729\" aria-describedby=\"woocommerce_loop_add_to_cart_link_describedby_9729\" data-quantity=\"1\" class=\"button product_type_simple add_to_cart_button ajax_add_to_cart\" data-product_id=\"9729\" data-product_sku=\"\" aria-label=\"Afegeix a la cistella: &ldquo;BANC CALVET&rdquo;\" rel=\"nofollow\" data-success_message=\"&ldquo;BANC CALVET&rdquo; s&#039;ha afegit a la vostra cistella\" role=\"button\">Afegeix a la cistella<\/a>\t<span id=\"woocommerce_loop_add_to_cart_link_describedby_9729\" class=\"screen-reader-text\">\n\t\t\t<\/span>\n<\/li>\n<li class=\"product type-product post-9731 status-publish last instock product_cat-antoni-gaudi-ca product_cat-butaca product_cat-casa-calvet-ca product_cat-ebanisteria has-post-thumbnail taxable shipping-taxable purchasable product-type-simple\">\n\t<a href=\"https:\/\/www.gabinetmodernista.com\/ca\/producto\/butaca-calvet\/\" class=\"woocommerce-LoopProduct-link woocommerce-loop-product__link\"><img loading=\"lazy\" decoding=\"async\" width=\"800\" height=\"800\" src=\"https:\/\/www.gabinetmodernista.com\/wp-content\/uploads\/2024\/09\/articulo-SC_01-gabinetmodernista-800x800.jpg\" class=\"attachment-woocommerce_thumbnail size-woocommerce_thumbnail\" alt=\"BUTACA CALVET\" srcset=\"https:\/\/www.gabinetmodernista.com\/wp-content\/uploads\/2024\/09\/articulo-SC_01-gabinetmodernista-800x800.jpg 800w, https:\/\/www.gabinetmodernista.com\/wp-content\/uploads\/2024\/09\/articulo-SC_01-gabinetmodernista-100x100.jpg 100w, https:\/\/www.gabinetmodernista.com\/wp-content\/uploads\/2024\/09\/articulo-SC_01-gabinetmodernista-1024x1024.jpg 1024w, https:\/\/www.gabinetmodernista.com\/wp-content\/uploads\/2024\/09\/articulo-SC_01-gabinetmodernista-768x768.jpg 768w, https:\/\/www.gabinetmodernista.com\/wp-content\/uploads\/2024\/09\/articulo-SC_01-gabinetmodernista-720x720.jpg 720w, https:\/\/www.gabinetmodernista.com\/wp-content\/uploads\/2024\/09\/articulo-SC_01-gabinetmodernista-200x200.jpg 200w, https:\/\/www.gabinetmodernista.com\/wp-content\/uploads\/2024\/09\/articulo-SC_01-gabinetmodernista.jpg 1200w\" sizes=\"auto, (max-width: 800px) 100vw, 800px\" \/><h2 class=\"woocommerce-loop-product__title\">BUTACA CALVET<\/h2>\n\t<span class=\"price\"><span class=\"woocommerce-Price-amount amount\"><bdi>11.816,00&nbsp;<span class=\"woocommerce-Price-currencySymbol\">&euro;<\/span><\/bdi><\/span><\/span>\n<\/a><a href=\"\/ca\/wp-json\/wp\/v2\/pages\/7935?add-to-cart=9731\" aria-describedby=\"woocommerce_loop_add_to_cart_link_describedby_9731\" data-quantity=\"1\" class=\"button product_type_simple add_to_cart_button ajax_add_to_cart\" data-product_id=\"9731\" data-product_sku=\"\" aria-label=\"Afegeix a la cistella: &ldquo;BUTACA CALVET&rdquo;\" rel=\"nofollow\" data-success_message=\"&ldquo;BUTACA CALVET&rdquo; s&#039;ha afegit a la vostra cistella\" role=\"button\">Afegeix a la cistella<\/a>\t<span id=\"woocommerce_loop_add_to_cart_link_describedby_9731\" class=\"screen-reader-text\">\n\t\t\t<\/span>\n<\/li>\n<li class=\"product type-product post-9733 status-publish first instock product_cat-antoni-gaudi-ca product_cat-cadira product_cat-casa-batllo-ca product_cat-ebanisteria has-post-thumbnail taxable shipping-taxable purchasable product-type-simple\">\n\t<a href=\"https:\/\/www.gabinetmodernista.com\/ca\/producto\/cadira-batllo\/\" class=\"woocommerce-LoopProduct-link woocommerce-loop-product__link\"><img loading=\"lazy\" decoding=\"async\" width=\"800\" height=\"800\" src=\"https:\/\/www.gabinetmodernista.com\/wp-content\/uploads\/2024\/09\/articulo-CB_01-gabinetmodernista-800x800.jpg\" class=\"attachment-woocommerce_thumbnail size-woocommerce_thumbnail\" alt=\"CADIRA BATLL\u00d3\" srcset=\"https:\/\/www.gabinetmodernista.com\/wp-content\/uploads\/2024\/09\/articulo-CB_01-gabinetmodernista-800x800.jpg 800w, https:\/\/www.gabinetmodernista.com\/wp-content\/uploads\/2024\/09\/articulo-CB_01-gabinetmodernista-100x100.jpg 100w, https:\/\/www.gabinetmodernista.com\/wp-content\/uploads\/2024\/09\/articulo-CB_01-gabinetmodernista-1024x1024.jpg 1024w, https:\/\/www.gabinetmodernista.com\/wp-content\/uploads\/2024\/09\/articulo-CB_01-gabinetmodernista-768x768.jpg 768w, https:\/\/www.gabinetmodernista.com\/wp-content\/uploads\/2024\/09\/articulo-CB_01-gabinetmodernista-720x720.jpg 720w, https:\/\/www.gabinetmodernista.com\/wp-content\/uploads\/2024\/09\/articulo-CB_01-gabinetmodernista-200x200.jpg 200w, https:\/\/www.gabinetmodernista.com\/wp-content\/uploads\/2024\/09\/articulo-CB_01-gabinetmodernista.jpg 1200w\" sizes=\"auto, (max-width: 800px) 100vw, 800px\" \/><h2 class=\"woocommerce-loop-product__title\">CADIRA BATLL\u00d3<\/h2>\n\t<span class=\"price\"><span class=\"woocommerce-Price-amount amount\"><bdi>5.368,00&nbsp;<span class=\"woocommerce-Price-currencySymbol\">&euro;<\/span><\/bdi><\/span><\/span>\n<\/a><a href=\"\/ca\/wp-json\/wp\/v2\/pages\/7935?add-to-cart=9733\" aria-describedby=\"woocommerce_loop_add_to_cart_link_describedby_9733\" data-quantity=\"1\" class=\"button product_type_simple add_to_cart_button ajax_add_to_cart\" data-product_id=\"9733\" data-product_sku=\"\" aria-label=\"Afegeix a la cistella: &ldquo;CADIRA BATLL\u00d3&rdquo;\" rel=\"nofollow\" data-success_message=\"&ldquo;CADIRA BATLL\u00d3&rdquo; s&#039;ha afegit a la vostra cistella\" role=\"button\">Afegeix a la cistella<\/a>\t<span id=\"woocommerce_loop_add_to_cart_link_describedby_9733\" class=\"screen-reader-text\">\n\t\t\t<\/span>\n<\/li>\n<li class=\"product type-product post-9728 status-publish last instock product_cat-antoni-gaudi-ca product_cat-cadira product_cat-casa-calvet-ca product_cat-ebanisteria has-post-thumbnail taxable shipping-taxable purchasable product-type-simple\">\n\t<a href=\"https:\/\/www.gabinetmodernista.com\/ca\/producto\/cadira-calvet\/\" class=\"woocommerce-LoopProduct-link woocommerce-loop-product__link\"><img loading=\"lazy\" decoding=\"async\" width=\"800\" height=\"800\" src=\"https:\/\/www.gabinetmodernista.com\/wp-content\/uploads\/2024\/09\/articulo-CC_01-gabinetmodernista-800x800.jpg\" class=\"attachment-woocommerce_thumbnail size-woocommerce_thumbnail\" alt=\"CADIRA CALVET\" srcset=\"https:\/\/www.gabinetmodernista.com\/wp-content\/uploads\/2024\/09\/articulo-CC_01-gabinetmodernista-800x800.jpg 800w, https:\/\/www.gabinetmodernista.com\/wp-content\/uploads\/2024\/09\/articulo-CC_01-gabinetmodernista-100x100.jpg 100w, https:\/\/www.gabinetmodernista.com\/wp-content\/uploads\/2024\/09\/articulo-CC_01-gabinetmodernista-1024x1024.jpg 1024w, https:\/\/www.gabinetmodernista.com\/wp-content\/uploads\/2024\/09\/articulo-CC_01-gabinetmodernista-768x768.jpg 768w, https:\/\/www.gabinetmodernista.com\/wp-content\/uploads\/2024\/09\/articulo-CC_01-gabinetmodernista-720x720.jpg 720w, https:\/\/www.gabinetmodernista.com\/wp-content\/uploads\/2024\/09\/articulo-CC_01-gabinetmodernista-200x200.jpg 200w, https:\/\/www.gabinetmodernista.com\/wp-content\/uploads\/2024\/09\/articulo-CC_01-gabinetmodernista.jpg 1200w\" sizes=\"auto, (max-width: 800px) 100vw, 800px\" \/><h2 class=\"woocommerce-loop-product__title\">CADIRA CALVET<\/h2>\n\t<span class=\"price\"><span class=\"woocommerce-Price-amount amount\"><bdi>8.796,00&nbsp;<span class=\"woocommerce-Price-currencySymbol\">&euro;<\/span><\/bdi><\/span><\/span>\n<\/a><a href=\"\/ca\/wp-json\/wp\/v2\/pages\/7935?add-to-cart=9728\" aria-describedby=\"woocommerce_loop_add_to_cart_link_describedby_9728\" data-quantity=\"1\" class=\"button product_type_simple add_to_cart_button ajax_add_to_cart\" data-product_id=\"9728\" data-product_sku=\"\" aria-label=\"Afegeix a la cistella: &ldquo;CADIRA CALVET&rdquo;\" rel=\"nofollow\" data-success_message=\"&ldquo;CADIRA CALVET&rdquo; s&#039;ha afegit a la vostra cistella\" role=\"button\">Afegeix a la cistella<\/a>\t<span id=\"woocommerce_loop_add_to_cart_link_describedby_9728\" class=\"screen-reader-text\">\n\t\t\t<\/span>\n<\/li>\n<li class=\"product type-product post-9732 status-publish first instock product_cat-antoni-gaudi-ca product_cat-casa-calvet-ca product_cat-ebanisteria product_cat-mirall has-post-thumbnail taxable shipping-taxable purchasable product-type-simple\">\n\t<a href=\"https:\/\/www.gabinetmodernista.com\/ca\/producto\/mirall-calvet\/\" class=\"woocommerce-LoopProduct-link woocommerce-loop-product__link\"><img loading=\"lazy\" decoding=\"async\" width=\"800\" height=\"800\" src=\"https:\/\/www.gabinetmodernista.com\/wp-content\/uploads\/2024\/09\/articulo-MC_daurat_01-gabinetmodernista-800x800.jpg\" class=\"attachment-woocommerce_thumbnail size-woocommerce_thumbnail\" alt=\"MIRALL CALVET\" srcset=\"https:\/\/www.gabinetmodernista.com\/wp-content\/uploads\/2024\/09\/articulo-MC_daurat_01-gabinetmodernista-800x800.jpg 800w, https:\/\/www.gabinetmodernista.com\/wp-content\/uploads\/2024\/09\/articulo-MC_daurat_01-gabinetmodernista-100x100.jpg 100w, https:\/\/www.gabinetmodernista.com\/wp-content\/uploads\/2024\/09\/articulo-MC_daurat_01-gabinetmodernista-1024x1024.jpg 1024w, https:\/\/www.gabinetmodernista.com\/wp-content\/uploads\/2024\/09\/articulo-MC_daurat_01-gabinetmodernista-768x768.jpg 768w, https:\/\/www.gabinetmodernista.com\/wp-content\/uploads\/2024\/09\/articulo-MC_daurat_01-gabinetmodernista-720x720.jpg 720w, https:\/\/www.gabinetmodernista.com\/wp-content\/uploads\/2024\/09\/articulo-MC_daurat_01-gabinetmodernista-200x200.jpg 200w, https:\/\/www.gabinetmodernista.com\/wp-content\/uploads\/2024\/09\/articulo-MC_daurat_01-gabinetmodernista.jpg 1200w\" sizes=\"auto, (max-width: 800px) 100vw, 800px\" \/><h2 class=\"woocommerce-loop-product__title\">MIRALL CALVET<\/h2>\n\t<span class=\"price\"><span class=\"woocommerce-Price-amount amount\"><bdi>23.452,00&nbsp;<span class=\"woocommerce-Price-currencySymbol\">&euro;<\/span><\/bdi><\/span><\/span>\n<\/a><a href=\"\/ca\/wp-json\/wp\/v2\/pages\/7935?add-to-cart=9732\" aria-describedby=\"woocommerce_loop_add_to_cart_link_describedby_9732\" data-quantity=\"1\" class=\"button product_type_simple add_to_cart_button ajax_add_to_cart\" data-product_id=\"9732\" data-product_sku=\"\" aria-label=\"Afegeix a la cistella: &ldquo;MIRALL CALVET&rdquo;\" rel=\"nofollow\" data-success_message=\"&ldquo;MIRALL CALVET&rdquo; s&#039;ha afegit a la vostra cistella\" role=\"button\">Afegeix a la cistella<\/a>\t<span id=\"woocommerce_loop_add_to_cart_link_describedby_9732\" class=\"screen-reader-text\">\n\t\t\t<\/span>\n<\/li>\n<li class=\"product type-product post-9730 status-publish last instock product_cat-antoni-gaudi-ca product_cat-casa-calvet-ca product_cat-ebanisteria product_cat-tamburet has-post-thumbnail taxable shipping-taxable purchasable product-type-simple\">\n\t<a href=\"https:\/\/www.gabinetmodernista.com\/ca\/producto\/tamboret-calvet\/\" class=\"woocommerce-LoopProduct-link woocommerce-loop-product__link\"><img loading=\"lazy\" decoding=\"async\" width=\"800\" height=\"800\" src=\"https:\/\/www.gabinetmodernista.com\/wp-content\/uploads\/2024\/09\/articulo-TC_01-gabinetmodernista-800x800.jpg\" class=\"attachment-woocommerce_thumbnail size-woocommerce_thumbnail\" alt=\"TAMBORET CALVET\" srcset=\"https:\/\/www.gabinetmodernista.com\/wp-content\/uploads\/2024\/09\/articulo-TC_01-gabinetmodernista-800x800.jpg 800w, https:\/\/www.gabinetmodernista.com\/wp-content\/uploads\/2024\/09\/articulo-TC_01-gabinetmodernista-100x100.jpg 100w, https:\/\/www.gabinetmodernista.com\/wp-content\/uploads\/2024\/09\/articulo-TC_01-gabinetmodernista-1024x1024.jpg 1024w, https:\/\/www.gabinetmodernista.com\/wp-content\/uploads\/2024\/09\/articulo-TC_01-gabinetmodernista-768x768.jpg 768w, https:\/\/www.gabinetmodernista.com\/wp-content\/uploads\/2024\/09\/articulo-TC_01-gabinetmodernista-720x720.jpg 720w, https:\/\/www.gabinetmodernista.com\/wp-content\/uploads\/2024\/09\/articulo-TC_01-gabinetmodernista-200x200.jpg 200w, https:\/\/www.gabinetmodernista.com\/wp-content\/uploads\/2024\/09\/articulo-TC_01-gabinetmodernista.jpg 1200w\" sizes=\"auto, (max-width: 800px) 100vw, 800px\" \/><h2 class=\"woocommerce-loop-product__title\">TAMBORET CALVET<\/h2>\n\t<span class=\"price\"><span class=\"woocommerce-Price-amount amount\"><bdi>6.088,00&nbsp;<span class=\"woocommerce-Price-currencySymbol\">&euro;<\/span><\/bdi><\/span><\/span>\n<\/a><a href=\"\/ca\/wp-json\/wp\/v2\/pages\/7935?add-to-cart=9730\" aria-describedby=\"woocommerce_loop_add_to_cart_link_describedby_9730\" data-quantity=\"1\" class=\"button product_type_simple add_to_cart_button ajax_add_to_cart\" data-product_id=\"9730\" data-product_sku=\"\" aria-label=\"Afegeix a la cistella: &ldquo;TAMBORET CALVET&rdquo;\" rel=\"nofollow\" data-success_message=\"&ldquo;TAMBORET CALVET&rdquo; s&#039;ha afegit a la vostra cistella\" role=\"button\">Afegeix a la cistella<\/a>\t<span id=\"woocommerce_loop_add_to_cart_link_describedby_9730\" class=\"screen-reader-text\">\n\t\t\t<\/span>\n<\/li>\n<\/ul>\n<\/div>[\/vc_column][\/vc_row][\/vc_section]<\/p>\n<\/div>","protected":false},"excerpt":{"rendered":"<p>[vc_section][vc_row][vc_column][\/vc_column][\/vc_row][vc_row css=&#8221;.vc_custom_1729011464020{margin-right: 150px !important;margin-left: 150px !important;}&#8221;][vc_column][vc_column_text css_animation=&#8221;fadeIn&#8221; css=&#8221;&#8221;] Mobiliari d&#8217; Autor: L&#8217; Her\u00e8ncia Artesanal de Gaud\u00ed El geni d&#8217;Antoni Gaud\u00ed no nom\u00e9s va brillar als seus grans edificis modernistes, sin\u00f3 tamb\u00e9 en el m\u00e9s m\u00ednim detall. El seu talent es va estendre al mobiliari modernista, creant peces \u00faniques que formaven part integral de la seva [&hellip;]<\/p>\n","protected":false},"author":1,"featured_media":0,"parent":0,"menu_order":0,"comment_status":"closed","ping_status":"closed","template":"","meta":{"_joinchat":[],"footnotes":""},"class_list":["post-7935","page","type-page","status-publish","hentry"],"_links":{"self":[{"href":"https:\/\/www.gabinetmodernista.com\/ca\/wp-json\/wp\/v2\/pages\/7935","targetHints":{"allow":["GET"]}}],"collection":[{"href":"https:\/\/www.gabinetmodernista.com\/ca\/wp-json\/wp\/v2\/pages"}],"about":[{"href":"https:\/\/www.gabinetmodernista.com\/ca\/wp-json\/wp\/v2\/types\/page"}],"author":[{"embeddable":true,"href":"https:\/\/www.gabinetmodernista.com\/ca\/wp-json\/wp\/v2\/users\/1"}],"replies":[{"embeddable":true,"href":"https:\/\/www.gabinetmodernista.com\/ca\/wp-json\/wp\/v2\/comments?post=7935"}],"version-history":[{"count":16,"href":"https:\/\/www.gabinetmodernista.com\/ca\/wp-json\/wp\/v2\/pages\/7935\/revisions"}],"predecessor-version":[{"id":10481,"href":"https:\/\/www.gabinetmodernista.com\/ca\/wp-json\/wp\/v2\/pages\/7935\/revisions\/10481"}],"wp:attachment":[{"href":"https:\/\/www.gabinetmodernista.com\/ca\/wp-json\/wp\/v2\/media?parent=7935"}],"curies":[{"name":"wp","href":"https:\/\/api.w.org\/{rel}","templated":true}]}}