{"id":7891,"date":"2023-10-30T13:38:42","date_gmt":"2023-10-30T11:38:42","guid":{"rendered":"https:\/\/www.gabinetmodernista.com\/nuestra-historia\/"},"modified":"2026-01-30T09:28:55","modified_gmt":"2026-01-30T07:28:55","slug":"la-nostra-historia","status":"publish","type":"page","link":"https:\/\/www.gabinetmodernista.com\/ca\/la-nostra-historia\/","title":{"rendered":"La Nostra Hist\u00f2ria"},"content":{"rendered":"<div class=\"wpb-content-wrapper\"><p>[vc_section bklyn_section_anchor_id=&#8221;About&#8221; el_name=&#8221;About Section&#8221; css=&#8221;.vc_custom_1756374785721{background-image: url(https:\/\/www.gabinetmodernista.com\/wp-content\/uploads\/2025\/08\/Brandstory-2-rotated.jpg?id=8482) !important;background-position: center !important;background-repeat: no-repeat !important;background-size: cover !important;}&#8221;][vc_row section_separator_bottom=&#8221;true&#8221; section_separator_bottom_zindex=&#8221;true&#8221; section_separator_bottom_height=&#8221;12&#8243; section_separator_bottom_color_1=&#8221;#f7f4f4&#8243; section_separator_bottom_color_2=&#8221;#e0904a&#8221;][vc_column width=&#8221;4\/6&#8243; css=&#8221;.vc_custom_1729075755129{margin-bottom: 50px !important;padding-top: 30px !important;padding-right: 30px !important;padding-bottom: 30px !important;padding-left: 30px !important;background-color: rgba(0, 0, 0, 0.7) !important;*background-color: rgba(0,0, 0, 0.7) !important;border-radius: 20px !important;}&#8221;]<div class=\"wpb_content_element \"><style type=\"text\/css\">#ut_header_69f128425eec0 h2.section-title, #ut_header_69f128425eec0 h2.section-title span { color:#ffffff; }#ut_header_69f128425eec0 h2.section-title{ font-family: \"IM Fell DW Pica SC\";font-weight:400;font-style:normal; }#ut_header_69f128425eec0 h2.section-title { font-size:50px !important;line-height:55px !important; }#ut_header_69f128425eec0 .lead ins { color:#e0904a; }#ut_header_69f128425eec0 .section-title ins { color:#e0904a; }#ut_header_69f128425eec0.pt-style-2 .page-title span:after, #ut_header_69f128425eec0.pt-style-2 .parallax-title span:after, #ut_header_69f128425eec0.pt-style-2 .section-title span:after { background-color:#e0904a !important;}<\/style><header id=\"ut_header_69f128425eec0\" class=\"section-header  ut-no-title-linebreak-mobile ut-no-lead-linebreak-mobile pt-style-2 header-left header-tablet-left header-mobile-left element-with-custom-line-height\"><div class=\"element-with-custom-line-height\" ><h2 data-title=\"La Nostra Hist\u00f2ria\"  data-responsive-font=\"section_title\" data-responsive-font-settings=\"{&quot;base-font-size&quot;:&quot;50&quot;,&quot;font-size-unit&quot;:&quot;px&quot;,&quot;font-size&quot;:{&quot;desktop_large&quot;:&quot;50&quot;},&quot;base-line-height&quot;:&quot;global&quot;,&quot;line-height&quot;:{&quot;desktop_large&quot;:&quot;55&quot;},&quot;base-letter-spacing&quot;:&quot;global&quot;}\" class=\"section-title  \"><span>La Nostra Hist\u00f2ria<\/span><\/h2><\/div><\/header><\/div><div class=\"wpb_content_element \"><style type=\"text\/css\">#ut_header_69f128426e42d h3.section-title, #ut_header_69f128426e42d h3.section-title span { color:#ffffff; }#ut_header_69f128426e42d h3.section-title{ font-family: \"Leckerli One\";font-weight:400;font-style:normal; }#ut_header_69f128426e42d h3.section-title { font-size:45px !important;line-height:55px !important; }<\/style><header id=\"ut_header_69f128426e42d\" class=\"section-header  ut-no-title-linebreak-mobile ut-no-lead-linebreak-mobile pt-style-7 header-left header-tablet-left header-mobile-left element-with-custom-line-height\"><div class=\"element-with-custom-line-height\" ><h3 data-title=\" L'autoritzaci\u00f3 que va fer realitat el Gabinet Modernista \"  data-responsive-font=\"section_title\" data-responsive-font-settings=\"{&quot;base-font-size&quot;:&quot;global&quot;,&quot;font-size&quot;:{&quot;desktop_large&quot;:&quot;45&quot;},&quot;base-line-height&quot;:&quot;global&quot;,&quot;line-height&quot;:{&quot;desktop_large&quot;:&quot;55&quot;},&quot;base-letter-spacing&quot;:&quot;global&quot;}\" class=\"section-title  \"><span><ins> L'autoritzaci\u00f3 que va fer realitat el Gabinet Modernista <\/ins><\/span><\/h3><\/div><\/header><\/div>[vc_column_text css=&#8221;&#8221;]&lt;<\/p>\n<p style=\"text-align: left;\"><span style=\"color: #ffffff;\">La historia de Gabinet Modernista naci\u00f3 de una visi\u00f3n audaz: Jaume Casades\u00fas so\u00f1aba con reproducir los muebles originales de Gaud\u00ed, preservando la esencia de su obra.\u00a0<\/span><\/p>\n<p style=\"text-align: left;\"><span style=\"color: #ffffff;\">No fue hasta abril de 1991 cuando esta visi\u00f3n se consolid\u00f3. Gabinet Modernista obtuvo una autorizaci\u00f3n \u00fanica y crucial para llevar a cabo su proyecto comercial, que les permiti\u00f3 utilizar los moldes de las piezas originales para crear r\u00e9plicas. Esta autorizaci\u00f3n fue concedida y avalada por el Sr. Joan Bassegoda, Director de la C\u00e1tedra Gaud\u00ed y el Sr. Josep M. Garrut, Director del museo Gaud\u00ed.<br \/>\nGracias a este apoyo institucional, y con la inestimable colaboraci\u00f3n de los maestros artesanos hermanos Cortina, Gabinet Modernista pudo hacer realidad su compromiso con el legado de Gaud\u00ed.<\/span><\/p>\n<p style=\"text-align: left;\"><span style=\"color: #ffffff;\">Desde entonces, Gabinet Modernista ha sido la primera, \u00fanica y original empresa en el mundo con esta autorizaci\u00f3n. Nuestro compromiso es rendir homenaje a la visi\u00f3n integral de Antoni Gaud\u00ed, quien llen\u00f3 de arte hasta el \u00faltimo rinc\u00f3n de sus creaciones.<\/span><\/p>\n<p style=\"text-align: left;\"><span style=\"color: #ffffff;\">Siguiendo esta misma filosof\u00eda, hemos ampliado nuestra pasi\u00f3n por el Modernismo a otras artes decorativas y a la obra de otros grandes arquitectos. As\u00ed, no solo reproducimos piezas, sino que damos vida al legado de una \u00e9poca que cambi\u00f3 para siempre el arte y el dise\u00f1o.<\/span><\/p>\n<p>[\/vc_column_text]<div class=\"wpb_content_element \"><style type=\"text\/css\">#ut_header_69f128426eb0c h2.section-title, #ut_header_69f128426eb0c h2.section-title span { color:#ffffff; }#ut_header_69f128426eb0c h2.section-title{ font-family: \"Lovers Quarrel\";font-weight:400;font-style:normal; }#ut_header_69f128426eb0c h2.section-title { font-size:45px !important;line-height:55px !important; }<\/style><header id=\"ut_header_69f128426eb0c\" class=\"section-header  ut-no-title-linebreak-mobile ut-no-lead-linebreak-mobile pt-style-7 header-left header-tablet-left header-mobile-left element-with-custom-line-height\"><\/header><\/div>[\/vc_column][vc_column width=&#8221;2\/6&#8243;][\/vc_column][\/vc_row][\/vc_section][vc_section section_separator_top=&#8221;true&#8221; section_separator_top_zindex=&#8221;true&#8221; section_separator_top_height=&#8221;12&#8243; section_separator_bottom=&#8221;true&#8221; section_separator_bottom_zindex=&#8221;true&#8221; section_separator_bottom_height=&#8221;12&#8243; section_separator_top_color_1=&#8221;#f7f4f4&#8243; section_separator_top_color_2=&#8221;#e0904a&#8221; section_separator_bottom_color_1=&#8221;#f7f4f4&#8243; section_separator_bottom_color_2=&#8221;#e0904a&#8221;][vc_row full_width=&#8221;stretch_row_content&#8221; parallax=&#8221;content-moving&#8221; section_separator_top_height=&#8221;12&#8243; section_separator_bottom_height=&#8221;12&#8243; css=&#8221;.vc_custom_1762165555104{background-image: url(https:\/\/www.gabinetmodernista.com\/wp-content\/uploads\/2025\/11\/Certificat-Catedra.jpg?id=8713) !important;}&#8221;][vc_column][vc_empty_space height=&#8221;75px&#8221;][ut_parallax_quote icon_type=&#8221;custom&#8221; quote_linebreak_tablet=&#8221;on&#8221; quote_linebreak_mobile=&#8221;on&#8221; quotation_marks=&#8221;no&#8221; cite_custom_border=&#8221;yes&#8221; quote_font_source=&#8221;google&#8221; quote_google_fonts=&#8221;font_family:Leckerli%20One%3Aregular|font_style:400%20regular%3A400%3Anormal&#8221; quote_font_size=&#8221;30&#8243; quote_letter_spacing=&#8221;-0.01&#8243; quote_ins_font_weight=&#8221;&#8221; cite_font_source=&#8221;google&#8221; cite_google_fonts=&#8221;font_family:Poppins%3A100%2C100italic%2C200%2C200italic%2C300%2C300italic%2Cregular%2Citalic%2C500%2C500italic%2C600%2C600italic%2C700%2C700italic%2C800%2C800italic%2C900%2C900italic|font_style:500%20bold%20regular%3A500%3Anormal&#8221; cite_font_size=&#8221;12&#8243; cite_letter_spacing=&#8221;0.05&#8243; cite_font_weight=&#8221;&#8221; quote_color=&#8221;#ffffff&#8221; cite_color=&#8221;rgba(255,255,255,0.7)&#8221; quote_ins_color=&#8221;#e0904a&#8221; cite_border_color=&#8221;rgba(255,255,255,0.1)&#8221; css=&#8221;.vc_custom_1758109620057{margin-right: 385px !important;margin-left: 385px !important;padding-right: 50px !important;padding-left: 50px !important;background-color: rgba(0, 0, 0, 0.5) !important;*background-color: rgba(0,0, 0, 0.5) !important;border-radius: 15px !important;}&#8221;]Les nostres r\u00e8pliques de mobles van ser avaluades i supervisades pel mateix director de la C\u00e0tedra Gaud\u00ed, el professor Joan Bassegoda, que va certificar que estaven fetes a partir dels motlles dels mobles originals dissenyats per Gaud\u00ed.<\/p>\n<p>Avui dia, el nostre comprom\u00eds amb l&#8217;autenticitat continua en totes les nostres col\u00b7leccions. \u00c9s per aix\u00f2 que cadascuna de les nostres r\u00e8pliques i reproduccions \u2014des de mobles fins a treballs en ferro i cer\u00e0mica\u2014 est\u00e0 certificada per Gabinet Modernista amb un segell que en garanteix l&#8217;artesania i la fidelitat al geni de Gaud\u00ed. Aix\u00ed, us oferim no nom\u00e9s una r\u00e8plica, sin\u00f3 un fragment d&#8217;hist\u00f2ria amb \u00e0nima que pren vida a les vostres mans.[\/ut_parallax_quote][vc_empty_space height=&#8221;75px&#8221;][\/vc_column][\/vc_row][\/vc_section][vc_section bklyn_section_anchor_id=&#8221;team&#8221; el_name=&#8221;Team Section&#8221; css=&#8221;.vc_custom_1727683504898{background-color: #f7f4f4 !important;}&#8221;][vc_row el_id=&#8221;hecho-en-cataluna&#8221;][vc_column css=&#8221;.vc_custom_1698750179346{margin-bottom: -25px !important;}&#8221;]<div class=\"wpb_content_element \"><style type=\"text\/css\">#ut_header_69f128426f2b2 h2.section-title{ font-family: \"Leckerli One\";font-weight:400;font-style:normal; }#ut_header_69f128426f2b2 h2.section-title { font-size:45px !important;line-height:55px !important; }#ut_header_69f128426f2b2 .lead { color:#000000; }#ut_header_69f128426f2b2 .lead p { color:#000000; }#ut_header_69f128426f2b2 .lead ins { color:#e0904a; }#ut_header_69f128426f2b2 .section-title ins { color:#e0904a; }#ut_header_69f128426f2b2.pt-style-2 .page-title span:after, #ut_header_69f128426f2b2.pt-style-2 .parallax-title span:after, #ut_header_69f128426f2b2.pt-style-2 .section-title span:after { background-color:#e0904a !important;}<\/style><header id=\"ut_header_69f128426f2b2\" class=\"section-header  ut-no-title-linebreak-mobile ut-no-lead-linebreak-mobile pt-style-2 header-center header-tablet-center header-mobile-center element-with-custom-line-height\"><div class=\"element-with-custom-line-height\" ><h2 data-title=\"Catalunya, bressol del Modernisme\" data-effect=\"fadeIn\" data-animateonce=\"yes\" data-delay=\"0\" data-responsive-font=\"section_title\" data-responsive-font-settings=\"{&quot;base-font-size&quot;:&quot;global&quot;,&quot;font-size&quot;:{&quot;desktop_large&quot;:&quot;45&quot;},&quot;base-line-height&quot;:&quot;global&quot;,&quot;line-height&quot;:{&quot;desktop_large&quot;:&quot;55&quot;},&quot;base-letter-spacing&quot;:&quot;global&quot;}\" class=\"section-title ut-animate-element animated ut-no-animation-tablet ut-no-animation-mobile \"><span>Catalunya, bressol del Modernisme<\/span><\/h2><\/div><div data-effect=\"fadeIn\" data-animateonce=\"yes\" data-delay=\"0\" class=\"lead ut-animate-element animated ut-no-animation-tablet ut-no-animation-mobile\"><p><ins>Als nostres tallers locals, cada pe\u00e7a es crea amb la passi\u00f3 i el llegat d&#8217;una terra que va transformar l&#8217;art i el disseny <\/ins><\/p>\n<\/div><\/header><\/div>[\/vc_column][\/vc_row][vc_row][vc_column][vc_column_text css=&#8221;&#8221;]<\/p>\n<p style=\"text-align: center;\">Los maestros artesanos dan vida al legado de esta tierra que transform\u00f3 para siempre el arte y el dise\u00f1o.<\/p>\n<p style=\"text-align: center;\">Nuestro proceso es puramente artesanal, con un legado que comienza en 1991 con un tesoro \u00fanico: los moldes de los muebles originales de Gaud\u00ed. Con la misma pasi\u00f3n y experiencia, hemos ampliado nuestra colecci\u00f3n para incluir r\u00e9plicas de otras artes decorativas como forja, cer\u00e1mica o vidrier\u00eda, tambi\u00e9n utilizando moldes para garantizar su fidelidad y calidad.<\/p>\n<p style=\"text-align: center;\">Cada obra es elaborada con el m\u00e1ximo cuidado, y las sutiles diferencias que nacen de las manos del artesano le dan una personalidad propia. Creemos que la belleza reside en los detalles y en la huella que deja la pasi\u00f3n, ofreci\u00e9ndote no solo una r\u00e9plica excepcional, sino una pieza con alma \u00fanica.<\/p>\n<p>[\/vc_column_text][\/vc_column][\/vc_row][vc_row][vc_column width=&#8221;1\/2&#8243;]<div id=\"ut_hb_69f128426f8de\" class=\"wpb_content_element\"><div id=\"ut_hb_69f128426f8dd\" class=\"ut-hover-box ut-hover-box-flip-top \"><div id=\"ut_hb_front_69f128426f970\" class=\"ut-hover-box-front \"><div id=\"ut_hb_front_inner_69f128426f971\" class=\"ut-hover-box-inner\"><div  class=\"wpb_content_element   clearfix\"><style type=\"text\/css\">#ut_am_69f1284270098 { opacity: 1; }#ut_am_wrap_69f1284270099 .ut-image-gallery-item-caption-title h3 { letter-spacing: 0em; }#ut_am_wrap_69f1284270099 .ut-gallery-slider-caption { font-weight: bold; }#ut_am_69f1284270098 .ut-box-shadow-container-inner { color: #e0904a; }.ut-box-shadow-1 {-webkit-box-shadow: 0 10px 6px -6px #e0904a; -moz-box-shadow: 0 10px 6px -6px #e0904a;box-shadow: 0 10px 6px -6px #e0904a;}#ut_am_wrap_69f1284270099 .ut-box-shadow-container-inner { background: #e0904a; }#ut_am_wrap_69f1284270099 { text-align: left; }@media (min-width: 768px) and (max-width: 1024px) { #ut_am_wrap_69f1284270099 { text-align: left !important; } }@media (max-width: 767px) { #ut_am_wrap_69f1284270099 { text-align: center !important; } }<\/style><div id=\"ut_am_wrap_69f1284270099\" class=\"ut-image-gallery-image \"><div id=\"ut_reveal_69f128427009a\"  data-appear-top-offset=\"auto\" class=\"ut-animated-image-item ut-image-gallery-item ut-animation-done \"><a class=\"ut-deactivated-link\" href=\"#\"><div class=\"ut-box-shadow-container ut-box-shadow-1\"><div class=\"ut-box-shadow-container-inner\"><\/div><\/div><div class=\"ut-animated-image-zoom\"><img loading=\"lazy\" decoding=\"async\" class=\"ut-lazy skip-lazy ut-animated-image \"  id=\"ut_am_69f1284270098\" src=\"data:image\/svg+xml;charset=utf-8,%3Csvg xmlns%3D'http%3A%2F%2Fwww.w3.org%2F2000%2Fsvg' viewBox%3D'0 0 800 600'%2F%3E\" data-src=\"https:\/\/www.gabinetmodernista.com\/wp-content\/uploads\/2023\/10\/Autenticitat-Gabinet-Modernista-Antoni-Gaudi.jpg\" width=\"800\" height=\"600\" alt=\"\"\/><\/div><div data-image-caption class=\"ut-image-gallery-image-caption\"><div class=\"ut-image-gallery-item-caption-title\"><h3 class=\"ut-image-gallery-empty-title\">+<\/h3><\/div><\/div><\/a><\/div><\/div><\/div><\/div><\/div><div id=\"ut_hb_back_69f1284270126\" class=\"ut-hover-box-back \"><div id=\"ut_hb_back_inner_69f1284270127\" class=\"ut-hover-box-inner\">[vc_column_text css_animation=&#8221;fadeIn&#8221; css=&#8221;&#8221;]<\/p>\n<h3 style=\"text-align: center;\"><span style=\"color: #ffffff; line-height: 1.7;\"><br \/>\nCadascuna de les nostres peces \u00e9s una obra d&#8217;art, creada per mestres artesans seleccionats per la seva \u00e0mplia experi\u00e8ncia. Amb les seves mans, donen vida a cada pe\u00e7a utilitzant els nostres motlles exclusius, t\u00e8cniques tradicionals i materials de la m\u00e9s alta qualitat.<br \/>\nAquesta dedicaci\u00f3 \u00e9s el que fa que cada pe\u00e7a sigui veritablement \u00fanica. \u00c9s un proc\u00e9s purament artesanal que es diferencia de la producci\u00f3 en s\u00e8rie per garantir no nom\u00e9s l&#8217;autenticitat, sin\u00f3 tamb\u00e9 que cada pe\u00e7a t\u00e9 la seva pr\u00f2pia hist\u00f2ria i un valor que perdura en el temps. <\/span><\/h3>\n<p>[\/vc_column_text]<\/div><\/div><\/div><style type=\"text\/css\">#ut_hb_back_69f1284270126 { color: #ffffff; }#ut_hb_back_69f1284270126{background-color: rgba(224, 144, 74, 0.71) !important;*background-color: rgba(224,144, 74, 0.71) !important;border-radius: 5px !important;}<\/style><\/div>[\/vc_column][vc_column width=&#8221;1\/2&#8243;]<div id=\"ut_hb_69f12842701b2\" class=\"wpb_content_element\"><div id=\"ut_hb_69f12842701b1\" class=\"ut-hover-box ut-hover-box-flip-top \"><div id=\"ut_hb_front_69f12842701fa\" class=\"ut-hover-box-front \"><div id=\"ut_hb_front_inner_69f12842701fb\" class=\"ut-hover-box-inner\"><div  class=\"wpb_content_element   clearfix\"><style type=\"text\/css\">#ut_am_69f1284270845 { opacity: 1; }#ut_am_wrap_69f1284270846 .ut-image-gallery-item-caption-title h3 { letter-spacing: 0em; }#ut_am_wrap_69f1284270846 .ut-gallery-slider-caption { font-weight: bold; }#ut_am_69f1284270845 .ut-box-shadow-container-inner { color: #e0904a; }.ut-box-shadow-1 {-webkit-box-shadow: 0 10px 6px -6px #e0904a; -moz-box-shadow: 0 10px 6px -6px #e0904a;box-shadow: 0 10px 6px -6px #e0904a;}#ut_am_wrap_69f1284270846 .ut-box-shadow-container-inner { background: #e0904a; }#ut_am_wrap_69f1284270846 { text-align: left; }@media (min-width: 768px) and (max-width: 1024px) { #ut_am_wrap_69f1284270846 { text-align: left !important; } }@media (max-width: 767px) { #ut_am_wrap_69f1284270846 { text-align: center !important; } }<\/style><div id=\"ut_am_wrap_69f1284270846\" class=\"ut-image-gallery-image \"><div id=\"ut_reveal_69f1284270847\"  data-appear-top-offset=\"auto\" class=\"ut-animated-image-item ut-image-gallery-item ut-animation-done \"><a class=\"ut-deactivated-link\" href=\"#\"><div class=\"ut-box-shadow-container ut-box-shadow-1\"><div class=\"ut-box-shadow-container-inner\"><\/div><\/div><div class=\"ut-animated-image-zoom\"><img loading=\"lazy\" decoding=\"async\" class=\"ut-lazy skip-lazy ut-animated-image \"  id=\"ut_am_69f1284270845\" src=\"data:image\/svg+xml;charset=utf-8,%3Csvg xmlns%3D'http%3A%2F%2Fwww.w3.org%2F2000%2Fsvg' viewBox%3D'0 0 800 600'%2F%3E\" data-src=\"https:\/\/www.gabinetmodernista.com\/wp-content\/uploads\/2023\/12\/Artesania-Gabinet-Modernista-Antoni-Gaudi-gabinetmodernista.jpg\" width=\"800\" height=\"600\" alt=\"Artesania-Gabinet-Modernista-Antoni-Gaudi-gabinetmodernista\"\/><\/div><\/a><\/div><\/div><\/div><\/div><\/div><div id=\"ut_hb_back_69f12842708bd\" class=\"ut-hover-box-back \"><div id=\"ut_hb_back_inner_69f12842708be\" class=\"ut-hover-box-inner\">[vc_column_text css=&#8221;&#8221;]<\/p>\n<h3 style=\"text-align: center;\"><span style=\"color: #ffffff; line-height: 1.7;\">La passi\u00f3 per l&#8217;art i el modernisme \u00e9s la for\u00e7a motriu de cadascuna de les nostres r\u00e8pliques i reproduccions. Els nostres mestres artesans donen vida als dissenys de Gaud\u00ed amb les seves inconfusibles l\u00ednies org\u00e0niques i anat\u00f2miques. Per fer-ho, utilitzem t\u00e8cniques i m\u00e8todes tradicionals transmesos de mestre a aprenent, creant un art fascinant de la m\u00e0xima qualitat. <\/span><\/h3>\n<p>[\/vc_column_text]<\/div><\/div><\/div><style type=\"text\/css\">#ut_hb_back_69f12842708bd { color: #ffffff; }#ut_hb_back_69f12842708bd{background-color: rgba(224, 144, 74, 0.71) !important;*background-color: rgba(224,144, 74, 0.71) !important;border-radius: 5px !important;}<\/style><\/div>[\/vc_column][\/vc_row][vc_row bklyn_overlay=&#8221;true&#8221; parallax=&#8221;content-moving&#8221; section_separator_top=&#8221;true&#8221; section_separator_top_height=&#8221;15&#8243; css=&#8221;.vc_custom_1729335337995{padding-bottom: 100px !important;background-image: url(https:\/\/www.gabinetmodernista.com\/wp-content\/uploads\/2023\/10\/AdobeStock_383679749_Preview.jpeg?id=6051) !important;background-position: center;background-repeat: no-repeat !important;background-size: cover !important;}&#8221; bklyn_overlay_color=&#8221;rgba(0, 0, 0, 0.7)&#8221; el_name=&#8221;Team Achievements&#8221; el_id=&#8221;antoni-gaudi&#8221; section_separator_top_color_1=&#8221;#f7f4f4&#8243; section_separator_top_color_2=&#8221;#e0904a&#8221;][vc_column]<div class=\"wpb_content_element \"><style type=\"text\/css\">#ut_header_69f1284270f59 h2.section-title, #ut_header_69f1284270f59 h2.section-title span { color:rgb(224, 144, 74); }#ut_header_69f1284270f59 h2.section-title{ font-family: \"Leckerli One\";font-weight:400;font-style:normal; }#ut_header_69f1284270f59 h2.section-title { font-size:45px !important;line-height:55px !important; }#ut_header_69f1284270f59 .lead { color:rgba(255, 255, 255, 0.9); }#ut_header_69f1284270f59 .lead p { color:rgba(255, 255, 255, 0.9); }#ut_header_69f1284270f59.pt-style-2 .page-title span:after, #ut_header_69f1284270f59.pt-style-2 .parallax-title span:after, #ut_header_69f1284270f59.pt-style-2 .section-title span:after { background-color:rgb(224, 144, 74) !important;}<\/style><header id=\"ut_header_69f1284270f59\" class=\"section-header  ut-no-title-linebreak-mobile ut-no-lead-linebreak-mobile pt-style-2 header-center header-tablet-center header-mobile-center element-with-custom-line-height\"><div class=\"element-with-custom-line-height\" ><h2 data-title=\"El geni i la visi\u00f3 de Gaud\u00ed que perdura\" data-effect=\"fadeIn\" data-animateonce=\"yes\" data-delay=\"0\" data-responsive-font=\"section_title\" data-responsive-font-settings=\"{&quot;base-font-size&quot;:&quot;global&quot;,&quot;font-size&quot;:{&quot;desktop_large&quot;:&quot;45&quot;},&quot;base-line-height&quot;:&quot;global&quot;,&quot;line-height&quot;:{&quot;desktop_large&quot;:&quot;55&quot;},&quot;base-letter-spacing&quot;:&quot;global&quot;}\" class=\"section-title ut-animate-element animated ut-no-animation-tablet ut-no-animation-mobile \"><span>El geni i la visi\u00f3 de Gaud\u00ed que perdura<\/span><\/h2><\/div><\/header><\/div>[vc_column_text css=&#8221;&#8221;]<\/p>\n<p style=\"text-align: center;\"><span style=\"color: #ffffff;\">La obra de Gaud\u00ed naci\u00f3 de sus grandes pasiones: la arquitectura y la naturaleza. Con una visi\u00f3n integral de su trabajo, cuid\u00f3 cada detalle para que formara parte de un todo armonioso. As\u00ed, integr\u00f3 en su arquitectura artes decorativas como muebles, ebanister\u00eda, herrajes, forja, cer\u00e1mica y vidrier\u00eda, creando dise\u00f1os que honran la belleza de la forma y la funci\u00f3n.<br \/>\nEn Gabinet Modernista, mantenemos vivo este legado. Nos dedicamos a replicar cada una de estas piezas con la misma pasi\u00f3n y respeto, asegurando que el genio de Gaud\u00ed no solo se admire en grandes obras, sino que tambi\u00e9n pueda vivirse en tu hogar.<\/span><\/p>\n<p>[\/vc_column_text][vc_row_inner][vc_column_inner]<div id=\"ut_oms_69f1284271885\" class=\"wpb_content_element \"><style type=\"text\/css\"> #ut_oms_69f1284271885 .ut-gallery-slider-caption-wrap::before { content: \"\"; } #ut_oms_69f1284271885 .ut-gallery-slider-caption-wrap::after {background-color: rgba(224, 144, 74, 0.46);} #ut_oms_69f1284271885 .ut-slider-maximize { display:none; }<\/style><div class=\"ut-owl-gallery-slider-wrap ut-owl-gallery-slider-style-one\"><div id=\"ut_ms_69f1284271884\" class=\"ut-owl-gallery-slider owl-carousel owl-theme  ut-owl-carousel\" data-settings=\"{&quot;items&quot;:&quot;3&quot;,&quot;lazyLoad&quot;:true,&quot;smartSpeed&quot;:600,&quot;animateIn&quot;:false,&quot;animateOut&quot;:false,&quot;autoplay&quot;:true,&quot;autoplayHoverPause&quot;:true,&quot;autoplayTimeout&quot;:&quot;3000&quot;,&quot;loop&quot;:true,&quot;nav&quot;:false,&quot;dots&quot;:false,&quot;responsiveClass&quot;:true,&quot;responsive&quot;:{&quot;0&quot;:{&quot;items&quot;:1},&quot;768&quot;:{&quot;items&quot;:1},&quot;1025&quot;:{&quot;items&quot;:&quot;3&quot;}},&quot;lightbox&quot;:&quot;yes&quot;}\"><div><figure class=\"ut-gallery-slider-caption-wrap\"><a data-title=\"Xalet-catllaras-rev\u00e9s-Gabinet-Modernista\" data-caption=\"\" data-caption-color=\"\" data-caption-background=\"\" data-trigger-id=\"ut-lightbox-trigger-5782\" data-exthumbimage=\"https:\/\/www.gabinetmodernista.com\/wp-content\/uploads\/2023\/10\/Xalet-catllaras-reves-Gabinet-Modernista-200x200.jpg\" href=\"https:\/\/www.gabinetmodernista.com\/wp-content\/uploads\/2023\/10\/Xalet-catllaras-reves-Gabinet-Modernista.jpg\" class=\"for-lightbox ut-slider-maximize\"><i class=\"Bklyn-Core-Maximize-3\"><\/i><\/a><img class=\"item owl-lazy\" alt=\"Xalet-catllaras-rev\u00e9s-Gabinet-Modernista\" data-src=\"https:\/\/www.gabinetmodernista.com\/wp-content\/uploads\/2023\/10\/Xalet-catllaras-reves-Gabinet-Modernista-600x600.jpg\" \/><\/figure><\/div><div><figure class=\"ut-gallery-slider-caption-wrap\"><a data-title=\"Historia-Gabinet-Modernista-Antoni-Gaudi-03\" data-caption=\"\" data-caption-color=\"\" data-caption-background=\"\" data-trigger-id=\"ut-lightbox-trigger-5776\" data-exthumbimage=\"https:\/\/www.gabinetmodernista.com\/wp-content\/uploads\/2023\/10\/Historia-Gabinet-Modernista-Antoni-Gaudi-03-200x200.jpg\" href=\"https:\/\/www.gabinetmodernista.com\/wp-content\/uploads\/2023\/10\/Historia-Gabinet-Modernista-Antoni-Gaudi-03.jpg\" class=\"for-lightbox ut-slider-maximize\"><i class=\"Bklyn-Core-Maximize-3\"><\/i><\/a><img class=\"item owl-lazy\" alt=\"Historia-Gabinet-Modernista-Antoni-Gaudi-03\" data-src=\"https:\/\/www.gabinetmodernista.com\/wp-content\/uploads\/2023\/10\/Historia-Gabinet-Modernista-Antoni-Gaudi-03-600x600.jpg\" \/><\/figure><\/div><div><figure class=\"ut-gallery-slider-caption-wrap\"><a data-title=\"5079\" data-caption=\"\" data-caption-color=\"\" data-caption-background=\"\" data-trigger-id=\"ut-lightbox-trigger-8370\" data-exthumbimage=\"https:\/\/www.gabinetmodernista.com\/wp-content\/uploads\/2023\/08\/5079-200x200.jpg\" href=\"https:\/\/www.gabinetmodernista.com\/wp-content\/uploads\/2023\/08\/5079.jpg\" class=\"for-lightbox ut-slider-maximize\"><i class=\"Bklyn-Core-Maximize-3\"><\/i><\/a><img class=\"item owl-lazy\"  data-src=\"https:\/\/www.gabinetmodernista.com\/wp-content\/uploads\/2023\/08\/5079-600x600.jpg\" \/><\/figure><\/div><div><figure class=\"ut-gallery-slider-caption-wrap\"><a data-title=\"Furniture-(11)-gabinetmodernista\" data-caption=\"\" data-caption-color=\"\" data-caption-background=\"\" data-trigger-id=\"ut-lightbox-trigger-6585\" data-exthumbimage=\"https:\/\/www.gabinetmodernista.com\/wp-content\/uploads\/2023\/12\/Furniture-11-gabinetmodernista-200x200.jpg\" href=\"https:\/\/www.gabinetmodernista.com\/wp-content\/uploads\/2023\/12\/Furniture-11-gabinetmodernista.jpg\" class=\"for-lightbox ut-slider-maximize\"><i class=\"Bklyn-Core-Maximize-3\"><\/i><\/a><img class=\"item owl-lazy\" alt=\"Furniture-(11)-gabinetmodernista\" data-src=\"https:\/\/www.gabinetmodernista.com\/wp-content\/uploads\/2023\/12\/Furniture-11-gabinetmodernista-600x600.jpg\" \/><\/figure><\/div><\/div><\/div><\/div>[\/vc_column_inner][\/vc_row_inner][\/vc_column][\/vc_row][\/vc_section]<\/p>\n<\/div>","protected":false},"excerpt":{"rendered":"<p>[vc_section bklyn_section_anchor_id=&#8221;About&#8221; el_name=&#8221;About Section&#8221; css=&#8221;.vc_custom_1756374785721{background-image: url(https:\/\/www.gabinetmodernista.com\/wp-content\/uploads\/2025\/08\/Brandstory-2-rotated.jpg?id=8482) !important;background-position: center !important;background-repeat: no-repeat !important;background-size: cover !important;}&#8221;][vc_row section_separator_bottom=&#8221;true&#8221; section_separator_bottom_zindex=&#8221;true&#8221; section_separator_bottom_height=&#8221;12&#8243; section_separator_bottom_color_1=&#8221;#f7f4f4&#8243; section_separator_bottom_color_2=&#8221;#e0904a&#8221;][vc_column width=&#8221;4\/6&#8243; css=&#8221;.vc_custom_1729075755129{margin-bottom: 50px !important;padding-top: 30px !important;padding-right: 30px !important;padding-bottom: 30px !important;padding-left: 30px !important;background-color: rgba(0, 0, 0, 0.7) !important;*background-color: rgba(0,0, 0, 0.7) !important;border-radius: 20px !important;}&#8221;][vc_column_text css=&#8221;&#8221;]&lt; La historia de Gabinet Modernista naci\u00f3 de una visi\u00f3n audaz: Jaume Casades\u00fas so\u00f1aba [&hellip;]<\/p>\n","protected":false},"author":1,"featured_media":0,"parent":0,"menu_order":0,"comment_status":"closed","ping_status":"closed","template":"","meta":{"_joinchat":[],"footnotes":""},"class_list":["post-7891","page","type-page","status-publish","hentry"],"_links":{"self":[{"href":"https:\/\/www.gabinetmodernista.com\/ca\/wp-json\/wp\/v2\/pages\/7891","targetHints":{"allow":["GET"]}}],"collection":[{"href":"https:\/\/www.gabinetmodernista.com\/ca\/wp-json\/wp\/v2\/pages"}],"about":[{"href":"https:\/\/www.gabinetmodernista.com\/ca\/wp-json\/wp\/v2\/types\/page"}],"author":[{"embeddable":true,"href":"https:\/\/www.gabinetmodernista.com\/ca\/wp-json\/wp\/v2\/users\/1"}],"replies":[{"embeddable":true,"href":"https:\/\/www.gabinetmodernista.com\/ca\/wp-json\/wp\/v2\/comments?post=7891"}],"version-history":[{"count":10,"href":"https:\/\/www.gabinetmodernista.com\/ca\/wp-json\/wp\/v2\/pages\/7891\/revisions"}],"predecessor-version":[{"id":10293,"href":"https:\/\/www.gabinetmodernista.com\/ca\/wp-json\/wp\/v2\/pages\/7891\/revisions\/10293"}],"wp:attachment":[{"href":"https:\/\/www.gabinetmodernista.com\/ca\/wp-json\/wp\/v2\/media?parent=7891"}],"curies":[{"name":"wp","href":"https:\/\/api.w.org\/{rel}","templated":true}]}}